{"id":1019,"date":"2024-08-10T14:27:30","date_gmt":"2024-08-10T12:27:30","guid":{"rendered":"https:\/\/www.deine3a.ch\/?page_id=1019"},"modified":"2026-03-11T21:27:13","modified_gmt":"2026-03-11T20:27:13","slug":"insured-in-germany-with-swiss-health-insurance","status":"publish","type":"page","link":"https:\/\/www.deine3a.ch\/en\/mit-schweizer-krankenversicherung-in-deutschland-versichert\/","title":{"rendered":"Deine3a | Am I insured with Swiss health insurance in Germany? | Emigration Switzerland | Emigration Agency"},"content":{"rendered":"\t\t<div data-elementor-type=\"wp-page\" data-elementor-id=\"1019\" class=\"elementor elementor-1019\" data-elementor-settings=\"{&quot;ha_cmc_init_switcher&quot;:&quot;no&quot;}\" data-elementor-post-type=\"page\">\n\t\t\t\t\t\t<section class=\"elementor-section elementor-top-section elementor-element elementor-element-fcfc7ff elementor-section-boxed elementor-section-height-default elementor-section-height-default\" data-id=\"fcfc7ff\" data-element_type=\"section\" data-e-type=\"section\" data-settings=\"{&quot;_ob_glider_is_slider&quot;:&quot;no&quot;,&quot;_ha_eqh_enable&quot;:false}\">\n\t\t\t\t\t\t<div class=\"elementor-container elementor-column-gap-default\">\n\t\t\t\t\t<div class=\"elementor-column elementor-col-100 elementor-top-column elementor-element elementor-element-5b9b935\" data-id=\"5b9b935\" data-element_type=\"column\" data-e-type=\"column\" data-settings=\"{&quot;_ob_column_hoveranimator&quot;:&quot;no&quot;,&quot;_ob_column_has_pseudo&quot;:&quot;no&quot;}\">\n\t\t\t<div class=\"elementor-widget-wrap elementor-element-populated\">\n\t\t\t\t\t\t<div class=\"elementor-element elementor-element-1b22899 ob-harakiri-inherit ob-has-background-overlay elementor-widget elementor-widget-heading\" data-id=\"1b22899\" data-element_type=\"widget\" data-e-type=\"widget\" data-settings=\"{&quot;_ob_use_harakiri&quot;:&quot;yes&quot;,&quot;_ob_harakiri_writing_mode&quot;:&quot;inherit&quot;,&quot;_ob_harakiri_text_clip&quot;:&quot;none&quot;,&quot;_ob_widget_stalker_use&quot;:&quot;no&quot;,&quot;_ob_poopart_use&quot;:&quot;yes&quot;,&quot;_ob_shadough_use&quot;:&quot;no&quot;,&quot;_ob_allow_hoveranimator&quot;:&quot;no&quot;}\" data-widget_type=\"heading.default\">\n\t\t\t\t\t<h1 class=\"elementor-heading-title elementor-size-default\">Bin ich mit der Schweizer Krankenversicherung in Deutschland versichert?<\/h1>\t\t\t\t<\/div>\n\t\t\t\t<div class=\"elementor-element elementor-element-0ce65ad elementor-view-default ob-has-background-overlay elementor-widget elementor-widget-icon\" data-id=\"0ce65ad\" data-element_type=\"widget\" data-e-type=\"widget\" data-settings=\"{&quot;_ob_widget_stalker_use&quot;:&quot;no&quot;,&quot;_ob_poopart_use&quot;:&quot;yes&quot;,&quot;_ob_shadough_use&quot;:&quot;no&quot;,&quot;_ob_allow_hoveranimator&quot;:&quot;no&quot;}\" data-widget_type=\"icon.default\">\n\t\t\t\t\t\t\t<div class=\"elementor-icon-wrapper\">\n\t\t\t<div class=\"elementor-icon\">\n\t\t\t<svg aria-hidden=\"true\" class=\"e-font-icon-svg e-fas-quote-right\" viewBox=\"0 0 512 512\" xmlns=\"http:\/\/www.w3.org\/2000\/svg\"><path d=\"M464 32H336c-26.5 0-48 21.5-48 48v128c0 26.5 21.5 48 48 48h80v64c0 35.3-28.7 64-64 64h-8c-13.3 0-24 10.7-24 24v48c0 13.3 10.7 24 24 24h8c88.4 0 160-71.6 160-160V80c0-26.5-21.5-48-48-48zm-288 0H48C21.5 32 0 53.5 0 80v128c0 26.5 21.5 48 48 48h80v64c0 35.3-28.7 64-64 64h-8c-13.3 0-24 10.7-24 24v48c0 13.3 10.7 24 24 24h8c88.4 0 160-71.6 160-160V80c0-26.5-21.5-48-48-48z\"><\/path><\/svg>\t\t\t<\/div>\n\t\t<\/div>\n\t\t\t\t\t\t<\/div>\n\t\t\t\t<div class=\"elementor-element elementor-element-6575cb4 ob-harakiri-inherit ob-has-background-overlay elementor-widget elementor-widget-text-editor\" data-id=\"6575cb4\" data-element_type=\"widget\" data-e-type=\"widget\" data-settings=\"{&quot;_ob_use_harakiri&quot;:&quot;yes&quot;,&quot;_ob_harakiri_writing_mode&quot;:&quot;inherit&quot;,&quot;_ob_postman_use&quot;:&quot;no&quot;,&quot;_ob_widget_stalker_use&quot;:&quot;no&quot;,&quot;_ob_poopart_use&quot;:&quot;yes&quot;,&quot;_ob_shadough_use&quot;:&quot;no&quot;,&quot;_ob_allow_hoveranimator&quot;:&quot;no&quot;}\" data-widget_type=\"text-editor.default\">\n\t\t\t\t\t\t\t\t\t<p>Ja, du bist durch die Schweizer Grundversicherung f\u00fcr Notf\u00e4lle in Deutschland abgesichert. Dar\u00fcber hinaus gibt es <a href=\"https:\/\/www.deine3a.ch\/krankenkasse-fuer-auswanderer\/\">Krankenkassen<\/a>, die Zusatzversicherungen anbieten, mit denen du auch bei geplanten, ambulanten Behandlungen und Vorsorgeuntersuchungen in Deutschland versichert bist. Ein wesentlicher Vorteil solcher Zusatzversicherungen besteht darin, dass du bei geplanten Behandlungen in Deutschland keine Franchise, also keinen Eigenanteil, bezahlen musst. Wir kennen die Angebote aller Schweizer Krankenkassen und unterst\u00fctzen dich gerne bei der Auswahl der passenden Krankenversicherung: melde dich gerne \u00fcber unser <a href=\"https:\/\/www.deine3a.ch\/kontakt\/\">Kontaktformular<\/a> bei uns.<\/p>\t\t\t\t\t\t\t\t<\/div>\n\t\t\t\t<section class=\"elementor-section elementor-inner-section elementor-element elementor-element-f0987d0 elementor-section-boxed elementor-section-height-default elementor-section-height-default\" data-id=\"f0987d0\" data-element_type=\"section\" data-e-type=\"section\" data-settings=\"{&quot;_ob_glider_is_slider&quot;:&quot;no&quot;,&quot;_ha_eqh_enable&quot;:false}\">\n\t\t\t\t\t\t<div class=\"elementor-container elementor-column-gap-default\">\n\t\t\t\t\t<div class=\"elementor-column elementor-col-50 elementor-inner-column elementor-element elementor-element-dda125c\" data-id=\"dda125c\" data-element_type=\"column\" data-e-type=\"column\" data-settings=\"{&quot;_ob_column_hoveranimator&quot;:&quot;no&quot;,&quot;_ob_column_has_pseudo&quot;:&quot;no&quot;}\">\n\t\t\t<div class=\"elementor-widget-wrap elementor-element-populated\">\n\t\t\t\t\t\t<div class=\"elementor-element elementor-element-8158087 ob-has-background-overlay elementor-widget elementor-widget-image\" data-id=\"8158087\" data-element_type=\"widget\" data-e-type=\"widget\" data-settings=\"{&quot;_ob_photomorph_use&quot;:&quot;no&quot;,&quot;_ob_widget_stalker_use&quot;:&quot;no&quot;,&quot;_ob_poopart_use&quot;:&quot;yes&quot;,&quot;_ob_shadough_use&quot;:&quot;no&quot;,&quot;_ob_allow_hoveranimator&quot;:&quot;no&quot;}\" data-widget_type=\"image.default\">\n\t\t\t\t\t\t\t\t\t\t\t\t\t\t\t<img fetchpriority=\"high\" decoding=\"async\" width=\"800\" height=\"800\" src=\"https:\/\/www.deine3a.ch\/wp-content\/uploads\/2024\/09\/Jim-Ince_Pic-1024x1024.png\" class=\"attachment-large size-large wp-image-3046\" alt=\"Auswandern Schweiz | Deine3a\" srcset=\"https:\/\/www.deine3a.ch\/wp-content\/uploads\/2024\/09\/Jim-Ince_Pic-1024x1024.png 1024w, https:\/\/www.deine3a.ch\/wp-content\/uploads\/2024\/09\/Jim-Ince_Pic-300x300.png 300w, https:\/\/www.deine3a.ch\/wp-content\/uploads\/2024\/09\/Jim-Ince_Pic-150x150.png 150w, https:\/\/www.deine3a.ch\/wp-content\/uploads\/2024\/09\/Jim-Ince_Pic-768x768.png 768w, https:\/\/www.deine3a.ch\/wp-content\/uploads\/2024\/09\/Jim-Ince_Pic.png 1212w\" sizes=\"(max-width: 800px) 100vw, 800px\" \/>\t\t\t\t\t\t\t\t\t\t\t\t\t\t\t<\/div>\n\t\t\t\t\t<\/div>\n\t\t<\/div>\n\t\t\t\t<div class=\"elementor-column elementor-col-50 elementor-inner-column elementor-element elementor-element-8290e32\" data-id=\"8290e32\" data-element_type=\"column\" data-e-type=\"column\" data-settings=\"{&quot;_ob_column_hoveranimator&quot;:&quot;no&quot;,&quot;_ob_column_has_pseudo&quot;:&quot;no&quot;}\">\n\t\t\t<div class=\"elementor-widget-wrap elementor-element-populated\">\n\t\t\t\t\t\t<div class=\"elementor-element elementor-element-1b542c7 ob-harakiri-inherit ob-has-background-overlay elementor-widget elementor-widget-heading\" data-id=\"1b542c7\" data-element_type=\"widget\" data-e-type=\"widget\" data-settings=\"{&quot;_ob_use_harakiri&quot;:&quot;yes&quot;,&quot;_ob_harakiri_writing_mode&quot;:&quot;inherit&quot;,&quot;_ob_harakiri_text_clip&quot;:&quot;none&quot;,&quot;_ob_widget_stalker_use&quot;:&quot;no&quot;,&quot;_ob_poopart_use&quot;:&quot;yes&quot;,&quot;_ob_shadough_use&quot;:&quot;no&quot;,&quot;_ob_allow_hoveranimator&quot;:&quot;no&quot;}\" data-widget_type=\"heading.default\">\n\t\t\t\t\t<p class=\"elementor-heading-title elementor-size-default\">Jim Ince<\/p>\t\t\t\t<\/div>\n\t\t\t\t<div class=\"elementor-element elementor-element-dc5637d ob-harakiri-inherit ob-has-background-overlay elementor-widget elementor-widget-text-editor\" data-id=\"dc5637d\" data-element_type=\"widget\" data-e-type=\"widget\" data-settings=\"{&quot;_ob_use_harakiri&quot;:&quot;yes&quot;,&quot;_ob_harakiri_writing_mode&quot;:&quot;inherit&quot;,&quot;_ob_postman_use&quot;:&quot;no&quot;,&quot;_ob_widget_stalker_use&quot;:&quot;no&quot;,&quot;_ob_poopart_use&quot;:&quot;yes&quot;,&quot;_ob_shadough_use&quot;:&quot;no&quot;,&quot;_ob_allow_hoveranimator&quot;:&quot;no&quot;}\" data-widget_type=\"text-editor.default\">\n\t\t\t\t\t\t\t\t\t<p>Experte | Auswanderungsagentur Deine3a<\/p>\t\t\t\t\t\t\t\t<\/div>\n\t\t\t\t\t<\/div>\n\t\t<\/div>\n\t\t\t\t\t<\/div>\n\t\t<\/section>\n\t\t\t\t<div class=\"elementor-element elementor-element-64f0655 elementor-align-center ob-has-background-overlay elementor-widget elementor-widget-button\" data-id=\"64f0655\" data-element_type=\"widget\" data-e-type=\"widget\" data-settings=\"{&quot;_ob_butterbutton_use_it&quot;:&quot;no&quot;,&quot;_ob_widget_stalker_use&quot;:&quot;no&quot;,&quot;_ob_poopart_use&quot;:&quot;yes&quot;,&quot;_ob_shadough_use&quot;:&quot;no&quot;,&quot;_ob_allow_hoveranimator&quot;:&quot;no&quot;}\" data-widget_type=\"button.default\">\n\t\t\t\t\t\t\t\t\t\t<a class=\"elementor-button elementor-button-link elementor-size-sm\" href=\"https:\/\/www.deine3a.ch\/die-haeufigsten-fragen-auswandern-schweiz\/\">\n\t\t\t\t\t\t<span class=\"elementor-button-content-wrapper\">\n\t\t\t\t\t\t\t\t\t<span class=\"elementor-button-text\">Zur\u00fcck zur \u00dcbersicht<\/span>\n\t\t\t\t\t<\/span>\n\t\t\t\t\t<\/a>\n\t\t\t\t\t\t\t\t<\/div>\n\t\t\t\t\t<\/div>\n\t\t<\/div>\n\t\t\t\t\t<\/div>\n\t\t<\/section>\n\t\t\t\t<section class=\"elementor-section elementor-top-section elementor-element elementor-element-fbd2336 elementor-section-content-middle elementor-section-boxed elementor-section-height-default elementor-section-height-default\" data-id=\"fbd2336\" data-element_type=\"section\" data-e-type=\"section\" data-settings=\"{&quot;background_background&quot;:&quot;classic&quot;,&quot;_ob_glider_is_slider&quot;:&quot;no&quot;,&quot;_ha_eqh_enable&quot;:false}\">\n\t\t\t\t\t\t<div class=\"elementor-container elementor-column-gap-wider\">\n\t\t\t\t\t<div class=\"elementor-column elementor-col-100 elementor-top-column elementor-element elementor-element-e279eef\" data-id=\"e279eef\" data-element_type=\"column\" data-e-type=\"column\" data-settings=\"{&quot;_ob_column_hoveranimator&quot;:&quot;no&quot;,&quot;_ob_column_has_pseudo&quot;:&quot;no&quot;}\">\n\t\t\t<div class=\"elementor-widget-wrap elementor-element-populated\">\n\t\t\t\t\t\t<div class=\"elementor-element elementor-element-8013cd3 ha-align-center ha-align-center ha-layout-block ha-layout-inline ob-has-background-overlay elementor-widget elementor-widget-ha-advanced-heading happy-addon ha-advanced-heading happy-addon-pro\" data-id=\"8013cd3\" data-element_type=\"widget\" data-e-type=\"widget\" data-settings=\"{&quot;_ob_widget_stalker_use&quot;:&quot;no&quot;,&quot;_ob_poopart_use&quot;:&quot;yes&quot;,&quot;_ob_shadough_use&quot;:&quot;no&quot;,&quot;_ob_allow_hoveranimator&quot;:&quot;no&quot;}\" data-widget_type=\"ha-advanced-heading.default\">\n\t\t\t\t\t\n\t\t<h2 class=\"ha-advanced-heading-tag\">\n\t\t\t\t\t\t<div class=\"ha-advanced-heading-wrap\" data-background-text=\"\">\n\t\t\t\t<span class=\"ha-advanced-heading-before\">Beratungsteam<\/span>\n\t\t\t\t<span class=\"ha-advanced-heading-center\"><\/span>\n\t\t\t\t<span class=\"ha-advanced-heading-after\"><\/span>\n\t\t\t\t<span class=\"ha-advanced-heading-border\"><\/span>\n\t\t\t<\/div>\n\t\t\t\t\t<\/h2>\n\n\t\t\t\t\t\t<\/div>\n\t\t\t\t<div class=\"elementor-element elementor-element-49c9e78 ob-harakiri-inherit ob-has-background-overlay elementor-widget elementor-widget-text-editor\" data-id=\"49c9e78\" data-element_type=\"widget\" data-e-type=\"widget\" data-settings=\"{&quot;_ob_use_harakiri&quot;:&quot;yes&quot;,&quot;_ob_harakiri_writing_mode&quot;:&quot;inherit&quot;,&quot;_ob_postman_use&quot;:&quot;no&quot;,&quot;_ob_widget_stalker_use&quot;:&quot;no&quot;,&quot;_ob_poopart_use&quot;:&quot;yes&quot;,&quot;_ob_shadough_use&quot;:&quot;no&quot;,&quot;_ob_allow_hoveranimator&quot;:&quot;no&quot;}\" data-widget_type=\"text-editor.default\">\n\t\t\t\t\t\t\t\t\t<p>Unser Beratungsteam und Innendienst sind auf Auswanderer aus Deutschland und \u00d6sterreich spezialisiert, t\u00e4glich begleiten wir Menschen beim Auswandern in die Schweiz. Wenn auch du in die Schweiz auswandern m\u00f6chtest, melde dich gerne \u00fcber das Kontaktformular und lerne unser Team in Z\u00fcrich kennen \u2013 wir freuen uns auf dich! \ud83e\udd17<\/p>\t\t\t\t\t\t\t\t<\/div>\n\t\t\t\t<div class=\"elementor-element elementor-element-c62b3b4 elementor-widget elementor-widget-gallery\" data-id=\"c62b3b4\" data-element_type=\"widget\" data-e-type=\"widget\" data-settings=\"{&quot;columns&quot;:3,&quot;_animation&quot;:&quot;none&quot;,&quot;gallery_layout&quot;:&quot;grid&quot;,&quot;columns_tablet&quot;:2,&quot;columns_mobile&quot;:1,&quot;gap&quot;:{&quot;unit&quot;:&quot;px&quot;,&quot;size&quot;:10,&quot;sizes&quot;:[]},&quot;gap_tablet&quot;:{&quot;unit&quot;:&quot;px&quot;,&quot;size&quot;:10,&quot;sizes&quot;:[]},&quot;gap_mobile&quot;:{&quot;unit&quot;:&quot;px&quot;,&quot;size&quot;:10,&quot;sizes&quot;:[]},&quot;aspect_ratio&quot;:&quot;3:2&quot;,&quot;_ob_widget_stalker_use&quot;:&quot;no&quot;,&quot;_ob_shadough_use&quot;:&quot;no&quot;,&quot;_ob_allow_hoveranimator&quot;:&quot;no&quot;}\" data-widget_type=\"gallery.default\">\n\t\t\t\t\t\t\t<div class=\"elementor-gallery__container\">\n\t\t\t\t\t\t\t<div class=\"e-gallery-item elementor-gallery-item\">\n\t\t\t\t\t<div class=\"e-gallery-image elementor-gallery-item__image\" data-thumbnail=\"https:\/\/www.deine3a.ch\/wp-content\/uploads\/2024\/09\/20240918_Deine3a64649-1024x683.jpg\" data-width=\"800\" data-height=\"534\" aria-label=\"Deine3a | Auswandern Schweiz\" role=\"img\" ><\/div>\n\t\t\t\t\t\t\t\t\t\t\t\t\t\t<\/div>\n\t\t\t\t\t\t\t<div class=\"e-gallery-item elementor-gallery-item\">\n\t\t\t\t\t<div class=\"e-gallery-image elementor-gallery-item__image\" data-thumbnail=\"https:\/\/www.deine3a.ch\/wp-content\/uploads\/2024\/09\/20240918_Deine3a65050-1024x683.jpg\" data-width=\"800\" data-height=\"534\" aria-label=\"Deine3a | Auswandern Schweiz\" role=\"img\" ><\/div>\n\t\t\t\t\t\t\t\t\t\t\t\t\t\t<\/div>\n\t\t\t\t\t\t\t<div class=\"e-gallery-item elementor-gallery-item\">\n\t\t\t\t\t<div class=\"e-gallery-image elementor-gallery-item__image\" data-thumbnail=\"https:\/\/www.deine3a.ch\/wp-content\/uploads\/2024\/09\/20240918_Deine3a64834-1024x683.jpg\" data-width=\"800\" data-height=\"534\" aria-label=\"Deine3a | Auswandern Schweiz\" role=\"img\" ><\/div>\n\t\t\t\t\t\t\t\t\t\t\t\t\t\t<\/div>\n\t\t\t\t\t\t\t<div class=\"e-gallery-item elementor-gallery-item\">\n\t\t\t\t\t<div class=\"e-gallery-image elementor-gallery-item__image\" data-thumbnail=\"https:\/\/www.deine3a.ch\/wp-content\/uploads\/2024\/09\/20240918_Deine3a65081-1024x683.jpg\" data-width=\"800\" data-height=\"534\" aria-label=\"Deine3a | Auswandern Schweiz\" role=\"img\" ><\/div>\n\t\t\t\t\t\t\t\t\t\t\t\t\t\t<\/div>\n\t\t\t\t\t\t\t<div class=\"e-gallery-item elementor-gallery-item\">\n\t\t\t\t\t<div class=\"e-gallery-image elementor-gallery-item__image\" data-thumbnail=\"https:\/\/www.deine3a.ch\/wp-content\/uploads\/2024\/09\/20240918_Deine3a64893-1024x682.jpg\" data-width=\"800\" data-height=\"533\" aria-label=\"Deine3a | Auswandern Schweiz\" role=\"img\" ><\/div>\n\t\t\t\t\t\t\t\t\t\t\t\t\t\t<\/div>\n\t\t\t\t\t\t\t<div class=\"e-gallery-item elementor-gallery-item\">\n\t\t\t\t\t<div class=\"e-gallery-image elementor-gallery-item__image\" data-thumbnail=\"https:\/\/www.deine3a.ch\/wp-content\/uploads\/2024\/09\/20240918_Deine3a64576-1024x683.jpg\" data-width=\"800\" data-height=\"534\" aria-label=\"Deine3a | Auswandern Schweiz\" role=\"img\" ><\/div>\n\t\t\t\t\t\t\t\t\t\t\t\t\t\t<\/div>\n\t\t\t\t\t<\/div>\n\t\t\t\t\t<\/div>\n\t\t\t\t\t<\/div>\n\t\t<\/div>\n\t\t\t\t\t<\/div>\n\t\t<\/section>\n\t\t\t\t<section class=\"elementor-section elementor-top-section elementor-element elementor-element-5676d91 elementor-section-boxed elementor-section-height-default elementor-section-height-default\" data-id=\"5676d91\" data-element_type=\"section\" data-e-type=\"section\" data-settings=\"{&quot;_ob_glider_is_slider&quot;:&quot;no&quot;,&quot;_ha_eqh_enable&quot;:false}\">\n\t\t\t\t\t\t<div class=\"elementor-container elementor-column-gap-default\">\n\t\t\t\t\t<div class=\"elementor-column elementor-col-100 elementor-top-column elementor-element elementor-element-4ab3fcf\" data-id=\"4ab3fcf\" data-element_type=\"column\" data-e-type=\"column\" data-settings=\"{&quot;_ob_column_hoveranimator&quot;:&quot;no&quot;,&quot;_ob_column_has_pseudo&quot;:&quot;no&quot;}\">\n\t\t\t<div class=\"elementor-widget-wrap elementor-element-populated\">\n\t\t\t\t\t\t<div class=\"elementor-element elementor-element-2e36d86 ha-align-center ha-align-center ha-layout-block ha-layout-inline ob-has-background-overlay elementor-widget elementor-widget-ha-advanced-heading happy-addon ha-advanced-heading happy-addon-pro\" data-id=\"2e36d86\" data-element_type=\"widget\" data-e-type=\"widget\" data-settings=\"{&quot;_ob_widget_stalker_use&quot;:&quot;no&quot;,&quot;_ob_poopart_use&quot;:&quot;yes&quot;,&quot;_ob_shadough_use&quot;:&quot;no&quot;,&quot;_ob_allow_hoveranimator&quot;:&quot;no&quot;}\" data-widget_type=\"ha-advanced-heading.default\">\n\t\t\t\t\t\n\t\t<h2 class=\"ha-advanced-heading-tag\">\n\t\t\t\t\t\t<div class=\"ha-advanced-heading-wrap\" data-background-text=\"\">\n\t\t\t\t<span class=\"ha-advanced-heading-before\">Budgetrechner - Was kostet mich die Schweiz im Monat?<\/span>\n\t\t\t\t<span class=\"ha-advanced-heading-center\"><\/span>\n\t\t\t\t<span class=\"ha-advanced-heading-after\"><\/span>\n\t\t\t\t<span class=\"ha-advanced-heading-border\"><\/span>\n\t\t\t<\/div>\n\t\t\t\t\t<\/h2>\n\n\t\t\t\t\t\t<\/div>\n\t\t\t\t<div class=\"elementor-element elementor-element-61bcec0 ob-harakiri-inherit ob-has-background-overlay elementor-widget elementor-widget-text-editor\" data-id=\"61bcec0\" data-element_type=\"widget\" data-e-type=\"widget\" data-settings=\"{&quot;_ob_use_harakiri&quot;:&quot;yes&quot;,&quot;_ob_harakiri_writing_mode&quot;:&quot;inherit&quot;,&quot;_ob_postman_use&quot;:&quot;no&quot;,&quot;_ob_widget_stalker_use&quot;:&quot;no&quot;,&quot;_ob_poopart_use&quot;:&quot;yes&quot;,&quot;_ob_shadough_use&quot;:&quot;no&quot;,&quot;_ob_allow_hoveranimator&quot;:&quot;no&quot;}\" data-widget_type=\"text-editor.default\">\n\t\t\t\t\t\t\t\t\t<p>Auswandern Schweiz: Mit unserem Budgetrechner kannst du deine monatlichen Ausgaben in der Schweiz realistisch einsch\u00e4tzen. Von Miete \u00fcber Krankenkasse bis Steuern \u2013 das Tool berechnet deine Lebenshaltungskosten und zeigt dir am Ende deine Sparquote. Ideal zur Vorbereitung auf deine Auswanderung in die Schweiz.<\/p>\t\t\t\t\t\t\t\t<\/div>\n\t\t\t\t<div class=\"elementor-element elementor-element-9d1aeba ob-has-background-overlay elementor-widget elementor-widget-image\" data-id=\"9d1aeba\" data-element_type=\"widget\" data-e-type=\"widget\" data-settings=\"{&quot;_ob_photomorph_use&quot;:&quot;no&quot;,&quot;_ob_widget_stalker_use&quot;:&quot;no&quot;,&quot;_ob_poopart_use&quot;:&quot;yes&quot;,&quot;_ob_shadough_use&quot;:&quot;no&quot;,&quot;_ob_allow_hoveranimator&quot;:&quot;no&quot;}\" data-widget_type=\"image.default\">\n\t\t\t\t\t\t\t\t\t\t\t\t\t\t\t<img decoding=\"async\" width=\"800\" height=\"527\" data-src=\"https:\/\/www.deine3a.ch\/wp-content\/uploads\/2025\/01\/Budgetrechner_Screenshot.png\" class=\"attachment-large size-large wp-image-7536 lazyload\" alt=\"Auswandern Schweiz | Budgetrechner Schweiz\" data-srcset=\"https:\/\/www.deine3a.ch\/wp-content\/uploads\/2025\/01\/Budgetrechner_Screenshot.png 869w, https:\/\/www.deine3a.ch\/wp-content\/uploads\/2025\/01\/Budgetrechner_Screenshot-300x197.png 300w, https:\/\/www.deine3a.ch\/wp-content\/uploads\/2025\/01\/Budgetrechner_Screenshot-768x506.png 768w\" data-sizes=\"(max-width: 800px) 100vw, 800px\" src=\"data:image\/svg+xml;base64,PHN2ZyB3aWR0aD0iMSIgaGVpZ2h0PSIxIiB4bWxucz0iaHR0cDovL3d3dy53My5vcmcvMjAwMC9zdmciPjwvc3ZnPg==\" style=\"--smush-placeholder-width: 800px; --smush-placeholder-aspect-ratio: 800\/527;\" \/>\t\t\t\t\t\t\t\t\t\t\t\t\t\t\t<\/div>\n\t\t\t\t<div class=\"elementor-element elementor-element-a8c850a elementor-align-center ob-has-background-overlay elementor-widget elementor-widget-button\" data-id=\"a8c850a\" data-element_type=\"widget\" data-e-type=\"widget\" data-settings=\"{&quot;_ob_butterbutton_use_it&quot;:&quot;no&quot;,&quot;_ob_widget_stalker_use&quot;:&quot;no&quot;,&quot;_ob_poopart_use&quot;:&quot;yes&quot;,&quot;_ob_shadough_use&quot;:&quot;no&quot;,&quot;_ob_allow_hoveranimator&quot;:&quot;no&quot;}\" data-widget_type=\"button.default\">\n\t\t\t\t\t\t\t\t\t\t<a class=\"elementor-button elementor-button-link elementor-size-sm\" href=\"https:\/\/www.deine3a.ch\/budgetrechner-was-kostet-mich-die-schweiz\/\">\n\t\t\t\t\t\t<span class=\"elementor-button-content-wrapper\">\n\t\t\t\t\t\t\t\t\t<span class=\"elementor-button-text\">Zum Budgetrechner<\/span>\n\t\t\t\t\t<\/span>\n\t\t\t\t\t<\/a>\n\t\t\t\t\t\t\t\t<\/div>\n\t\t\t\t\t<\/div>\n\t\t<\/div>\n\t\t\t\t\t<\/div>\n\t\t<\/section>\n\t\t\t\t<section class=\"elementor-section elementor-top-section elementor-element elementor-element-b54abae elementor-section-boxed elementor-section-height-default elementor-section-height-default\" data-id=\"b54abae\" data-element_type=\"section\" data-e-type=\"section\" data-settings=\"{&quot;_ob_glider_is_slider&quot;:&quot;no&quot;,&quot;_ha_eqh_enable&quot;:false}\">\n\t\t\t\t\t\t<div class=\"elementor-container elementor-column-gap-default\">\n\t\t\t\t\t<div class=\"elementor-column elementor-col-100 elementor-top-column elementor-element elementor-element-62f5752\" data-id=\"62f5752\" data-element_type=\"column\" data-e-type=\"column\" data-settings=\"{&quot;_ob_column_hoveranimator&quot;:&quot;no&quot;,&quot;_ob_column_has_pseudo&quot;:&quot;no&quot;}\">\n\t\t\t<div class=\"elementor-widget-wrap elementor-element-populated\">\n\t\t\t\t\t\t<div class=\"elementor-element elementor-element-8497e2a ha-align-center ha-align-center ha-layout-block ha-layout-inline ob-has-background-overlay elementor-widget elementor-widget-ha-advanced-heading happy-addon ha-advanced-heading happy-addon-pro\" data-id=\"8497e2a\" data-element_type=\"widget\" data-e-type=\"widget\" data-settings=\"{&quot;_ob_widget_stalker_use&quot;:&quot;no&quot;,&quot;_ob_poopart_use&quot;:&quot;yes&quot;,&quot;_ob_shadough_use&quot;:&quot;no&quot;,&quot;_ob_allow_hoveranimator&quot;:&quot;no&quot;}\" data-widget_type=\"ha-advanced-heading.default\">\n\t\t\t\t\t\n\t\t<h2 class=\"ha-advanced-heading-tag\">\n\t\t\t\t\t\t<div class=\"ha-advanced-heading-wrap\" data-background-text=\"\">\n\t\t\t\t<span class=\"ha-advanced-heading-before\">Hast du Fragen?<\/span>\n\t\t\t\t<span class=\"ha-advanced-heading-center\"><\/span>\n\t\t\t\t<span class=\"ha-advanced-heading-after\"><\/span>\n\t\t\t\t<span class=\"ha-advanced-heading-border\"><\/span>\n\t\t\t<\/div>\n\t\t\t\t\t<\/h2>\n\n\t\t\t\t\t\t<\/div>\n\t\t\t\t<div class=\"elementor-element elementor-element-e1c10fa ob-harakiri-inherit ob-has-background-overlay elementor-widget elementor-widget-text-editor\" data-id=\"e1c10fa\" data-element_type=\"widget\" data-e-type=\"widget\" data-settings=\"{&quot;_ob_use_harakiri&quot;:&quot;yes&quot;,&quot;_ob_harakiri_writing_mode&quot;:&quot;inherit&quot;,&quot;_ob_postman_use&quot;:&quot;no&quot;,&quot;_ob_widget_stalker_use&quot;:&quot;no&quot;,&quot;_ob_poopart_use&quot;:&quot;yes&quot;,&quot;_ob_shadough_use&quot;:&quot;no&quot;,&quot;_ob_allow_hoveranimator&quot;:&quot;no&quot;}\" data-widget_type=\"text-editor.default\">\n\t\t\t\t\t\t\t\t\t<p>Du willst in die Schweiz auswandern? Wir sind gerne f\u00fcr dich da. Unsere Beratungen sind kostenlos. Du erreichst uns \u00fcber das Kontaktformular oder komm auf einen Kaffee in Z\u00fcrich vorbei.<\/p>\t\t\t\t\t\t\t\t<\/div>\n\t\t\t\t<section class=\"elementor-section elementor-inner-section elementor-element elementor-element-e095eac elementor-section-boxed elementor-section-height-default elementor-section-height-default\" data-id=\"e095eac\" data-element_type=\"section\" data-e-type=\"section\" data-settings=\"{&quot;_ob_glider_is_slider&quot;:&quot;no&quot;,&quot;_ha_eqh_enable&quot;:false}\">\n\t\t\t\t\t\t<div class=\"elementor-container elementor-column-gap-default\">\n\t\t\t\t\t<div class=\"elementor-column elementor-col-33 elementor-inner-column elementor-element elementor-element-ecb4d44\" data-id=\"ecb4d44\" data-element_type=\"column\" data-e-type=\"column\" data-settings=\"{&quot;_ob_column_hoveranimator&quot;:&quot;no&quot;,&quot;_ob_column_has_pseudo&quot;:&quot;no&quot;}\">\n\t\t\t<div class=\"elementor-widget-wrap elementor-element-populated\">\n\t\t\t\t\t\t<div class=\"elementor-element elementor-element-b952bb6 elementor-view-default ob-has-background-overlay elementor-widget elementor-widget-icon\" data-id=\"b952bb6\" data-element_type=\"widget\" data-e-type=\"widget\" data-settings=\"{&quot;_ob_widget_stalker_use&quot;:&quot;no&quot;,&quot;_ob_poopart_use&quot;:&quot;yes&quot;,&quot;_ob_shadough_use&quot;:&quot;no&quot;,&quot;_ob_allow_hoveranimator&quot;:&quot;no&quot;}\" data-widget_type=\"icon.default\">\n\t\t\t\t\t\t\t<div class=\"elementor-icon-wrapper\">\n\t\t\t<a class=\"elementor-icon\" href=\"https:\/\/www.deine3a.ch\/kontakt\/\">\n\t\t\t<svg aria-hidden=\"true\" class=\"e-font-icon-svg e-far-envelope\" viewBox=\"0 0 512 512\" xmlns=\"http:\/\/www.w3.org\/2000\/svg\"><path d=\"M464 64H48C21.49 64 0 85.49 0 112v288c0 26.51 21.49 48 48 48h416c26.51 0 48-21.49 48-48V112c0-26.51-21.49-48-48-48zm0 48v40.805c-22.422 18.259-58.168 46.651-134.587 106.49-16.841 13.247-50.201 45.072-73.413 44.701-23.208.375-56.579-31.459-73.413-44.701C106.18 199.465 70.425 171.067 48 152.805V112h416zM48 400V214.398c22.914 18.251 55.409 43.862 104.938 82.646 21.857 17.205 60.134 55.186 103.062 54.955 42.717.231 80.509-37.199 103.053-54.947 49.528-38.783 82.032-64.401 104.947-82.653V400H48z\"><\/path><\/svg>\t\t\t<\/a>\n\t\t<\/div>\n\t\t\t\t\t\t<\/div>\n\t\t\t\t<div class=\"elementor-element elementor-element-8f82b7b ob-harakiri-inherit ob-has-background-overlay elementor-widget elementor-widget-heading\" data-id=\"8f82b7b\" data-element_type=\"widget\" data-e-type=\"widget\" data-settings=\"{&quot;_ob_use_harakiri&quot;:&quot;yes&quot;,&quot;_ob_harakiri_writing_mode&quot;:&quot;inherit&quot;,&quot;_ob_harakiri_text_clip&quot;:&quot;none&quot;,&quot;_ob_widget_stalker_use&quot;:&quot;no&quot;,&quot;_ob_poopart_use&quot;:&quot;yes&quot;,&quot;_ob_shadough_use&quot;:&quot;no&quot;,&quot;_ob_allow_hoveranimator&quot;:&quot;no&quot;}\" data-widget_type=\"heading.default\">\n\t\t\t\t\t<h3 class=\"elementor-heading-title elementor-size-default\">Kontaktformular<\/h3>\t\t\t\t<\/div>\n\t\t\t\t<div class=\"elementor-element elementor-element-fbf0d59 ob-harakiri-inherit ob-has-background-overlay elementor-widget elementor-widget-text-editor\" data-id=\"fbf0d59\" data-element_type=\"widget\" data-e-type=\"widget\" data-settings=\"{&quot;_ob_use_harakiri&quot;:&quot;yes&quot;,&quot;_ob_harakiri_writing_mode&quot;:&quot;inherit&quot;,&quot;_ob_postman_use&quot;:&quot;no&quot;,&quot;_ob_widget_stalker_use&quot;:&quot;no&quot;,&quot;_ob_poopart_use&quot;:&quot;yes&quot;,&quot;_ob_shadough_use&quot;:&quot;no&quot;,&quot;_ob_allow_hoveranimator&quot;:&quot;no&quot;}\" data-widget_type=\"text-editor.default\">\n\t\t\t\t\t\t\t\t\t<p><a href=\"https:\/\/www.deine3a.ch\/kontakt\/\" data-wplink-edit=\"true\">Hier klicken<\/a><\/p>\t\t\t\t\t\t\t\t<\/div>\n\t\t\t\t\t<\/div>\n\t\t<\/div>\n\t\t\t\t<div class=\"elementor-column elementor-col-33 elementor-inner-column elementor-element elementor-element-3236f88\" data-id=\"3236f88\" data-element_type=\"column\" data-e-type=\"column\" data-settings=\"{&quot;_ob_column_hoveranimator&quot;:&quot;no&quot;,&quot;_ob_column_has_pseudo&quot;:&quot;no&quot;}\">\n\t\t\t<div class=\"elementor-widget-wrap elementor-element-populated\">\n\t\t\t\t\t\t<div class=\"elementor-element elementor-element-c4a44a1 elementor-view-default ob-has-background-overlay elementor-widget elementor-widget-icon\" data-id=\"c4a44a1\" data-element_type=\"widget\" data-e-type=\"widget\" data-settings=\"{&quot;_ob_widget_stalker_use&quot;:&quot;no&quot;,&quot;_ob_poopart_use&quot;:&quot;yes&quot;,&quot;_ob_shadough_use&quot;:&quot;no&quot;,&quot;_ob_allow_hoveranimator&quot;:&quot;no&quot;}\" data-widget_type=\"icon.default\">\n\t\t\t\t\t\t\t<div class=\"elementor-icon-wrapper\">\n\t\t\t<a class=\"elementor-icon\" href=\"https:\/\/www.youtube.com\/@Deine3a\" target=\"_blank\" rel=\"nofollow\">\n\t\t\t<svg aria-hidden=\"true\" class=\"e-font-icon-svg e-fab-youtube\" viewBox=\"0 0 576 512\" xmlns=\"http:\/\/www.w3.org\/2000\/svg\"><path d=\"M549.655 124.083c-6.281-23.65-24.787-42.276-48.284-48.597C458.781 64 288 64 288 64S117.22 64 74.629 75.486c-23.497 6.322-42.003 24.947-48.284 48.597-11.412 42.867-11.412 132.305-11.412 132.305s0 89.438 11.412 132.305c6.281 23.65 24.787 41.5 48.284 47.821C117.22 448 288 448 288 448s170.78 0 213.371-11.486c23.497-6.321 42.003-24.171 48.284-47.821 11.412-42.867 11.412-132.305 11.412-132.305s0-89.438-11.412-132.305zm-317.51 213.508V175.185l142.739 81.205-142.739 81.201z\"><\/path><\/svg>\t\t\t<\/a>\n\t\t<\/div>\n\t\t\t\t\t\t<\/div>\n\t\t\t\t<div class=\"elementor-element elementor-element-c310d86 ob-harakiri-inherit ob-has-background-overlay elementor-widget elementor-widget-heading\" data-id=\"c310d86\" data-element_type=\"widget\" data-e-type=\"widget\" data-settings=\"{&quot;_ob_use_harakiri&quot;:&quot;yes&quot;,&quot;_ob_harakiri_writing_mode&quot;:&quot;inherit&quot;,&quot;_ob_harakiri_text_clip&quot;:&quot;none&quot;,&quot;_ob_widget_stalker_use&quot;:&quot;no&quot;,&quot;_ob_poopart_use&quot;:&quot;yes&quot;,&quot;_ob_shadough_use&quot;:&quot;no&quot;,&quot;_ob_allow_hoveranimator&quot;:&quot;no&quot;}\" data-widget_type=\"heading.default\">\n\t\t\t\t\t<h3 class=\"elementor-heading-title elementor-size-default\">Youtube<\/h3>\t\t\t\t<\/div>\n\t\t\t\t<div class=\"elementor-element elementor-element-1669fe2 ob-harakiri-inherit ob-has-background-overlay elementor-widget elementor-widget-text-editor\" data-id=\"1669fe2\" data-element_type=\"widget\" data-e-type=\"widget\" data-settings=\"{&quot;_ob_use_harakiri&quot;:&quot;yes&quot;,&quot;_ob_harakiri_writing_mode&quot;:&quot;inherit&quot;,&quot;_ob_postman_use&quot;:&quot;no&quot;,&quot;_ob_widget_stalker_use&quot;:&quot;no&quot;,&quot;_ob_poopart_use&quot;:&quot;yes&quot;,&quot;_ob_shadough_use&quot;:&quot;no&quot;,&quot;_ob_allow_hoveranimator&quot;:&quot;no&quot;}\" data-widget_type=\"text-editor.default\">\n\t\t\t\t\t\t\t\t\t<p><a href=\"https:\/\/www.youtube.com\/@Deine3a\" target=\"_blank\" rel=\"noreferrer noopener nofollow\">Erkl\u00e4rvideos<\/a><\/p>\t\t\t\t\t\t\t\t<\/div>\n\t\t\t\t\t<\/div>\n\t\t<\/div>\n\t\t\t\t<div class=\"elementor-column elementor-col-33 elementor-inner-column elementor-element elementor-element-6125b16\" data-id=\"6125b16\" data-element_type=\"column\" data-e-type=\"column\" data-settings=\"{&quot;_ob_column_hoveranimator&quot;:&quot;no&quot;,&quot;_ob_column_has_pseudo&quot;:&quot;no&quot;}\">\n\t\t\t<div class=\"elementor-widget-wrap elementor-element-populated\">\n\t\t\t\t\t\t<div class=\"elementor-element elementor-element-a59f2da ob-has-background-overlay elementor-widget elementor-widget-image\" data-id=\"a59f2da\" data-element_type=\"widget\" data-e-type=\"widget\" data-settings=\"{&quot;_ob_photomorph_use&quot;:&quot;no&quot;,&quot;_ob_widget_stalker_use&quot;:&quot;no&quot;,&quot;_ob_poopart_use&quot;:&quot;yes&quot;,&quot;_ob_shadough_use&quot;:&quot;no&quot;,&quot;_ob_allow_hoveranimator&quot;:&quot;no&quot;}\" data-widget_type=\"image.default\">\n\t\t\t\t\t\t\t\t\t\t\t\t\t\t\t\t<a href=\"https:\/\/www.deine3a.ch\/kontakt\/\">\n\t\t\t\t\t\t\t<img decoding=\"async\" width=\"683\" height=\"565\" data-src=\"https:\/\/www.deine3a.ch\/wp-content\/uploads\/2024\/08\/Pic_Kaffee-4.png\" class=\"attachment-large size-large wp-image-414 lazyload\" alt=\"Auswandern Schweiz | Deine3a\" data-srcset=\"https:\/\/www.deine3a.ch\/wp-content\/uploads\/2024\/08\/Pic_Kaffee-4.png 683w, https:\/\/www.deine3a.ch\/wp-content\/uploads\/2024\/08\/Pic_Kaffee-4-300x248.png 300w\" data-sizes=\"(max-width: 683px) 100vw, 683px\" src=\"data:image\/svg+xml;base64,PHN2ZyB3aWR0aD0iMSIgaGVpZ2h0PSIxIiB4bWxucz0iaHR0cDovL3d3dy53My5vcmcvMjAwMC9zdmciPjwvc3ZnPg==\" style=\"--smush-placeholder-width: 683px; --smush-placeholder-aspect-ratio: 683\/565;\" \/>\t\t\t\t\t\t\t\t<\/a>\n\t\t\t\t\t\t\t\t\t\t\t\t\t\t\t<\/div>\n\t\t\t\t<div class=\"elementor-element elementor-element-066e518 ob-harakiri-inherit ob-has-background-overlay elementor-widget elementor-widget-heading\" data-id=\"066e518\" data-element_type=\"widget\" data-e-type=\"widget\" data-settings=\"{&quot;_ob_use_harakiri&quot;:&quot;yes&quot;,&quot;_ob_harakiri_writing_mode&quot;:&quot;inherit&quot;,&quot;_ob_harakiri_text_clip&quot;:&quot;none&quot;,&quot;_ob_widget_stalker_use&quot;:&quot;no&quot;,&quot;_ob_poopart_use&quot;:&quot;yes&quot;,&quot;_ob_shadough_use&quot;:&quot;no&quot;,&quot;_ob_allow_hoveranimator&quot;:&quot;no&quot;}\" data-widget_type=\"heading.default\">\n\t\t\t\t\t<h3 class=\"elementor-heading-title elementor-size-default\">Kaffee<\/h3>\t\t\t\t<\/div>\n\t\t\t\t<div class=\"elementor-element elementor-element-414467c ob-harakiri-inherit ob-has-background-overlay elementor-widget elementor-widget-text-editor\" data-id=\"414467c\" data-element_type=\"widget\" data-e-type=\"widget\" data-settings=\"{&quot;_ob_use_harakiri&quot;:&quot;yes&quot;,&quot;_ob_harakiri_writing_mode&quot;:&quot;inherit&quot;,&quot;_ob_postman_use&quot;:&quot;no&quot;,&quot;_ob_widget_stalker_use&quot;:&quot;no&quot;,&quot;_ob_poopart_use&quot;:&quot;yes&quot;,&quot;_ob_shadough_use&quot;:&quot;no&quot;,&quot;_ob_allow_hoveranimator&quot;:&quot;no&quot;}\" data-widget_type=\"text-editor.default\">\n\t\t\t\t\t\t\t\t\t<a href=\"https:\/\/www.deine3a.ch\/kontakt\/\">Z\u00fcrich<\/a>\t\t\t\t\t\t\t\t<\/div>\n\t\t\t\t\t<\/div>\n\t\t<\/div>\n\t\t\t\t\t<\/div>\n\t\t<\/section>\n\t\t\t\t<div class=\"elementor-element elementor-element-7151108 ob-has-background-overlay elementor-widget elementor-widget-html\" data-id=\"7151108\" data-element_type=\"widget\" data-e-type=\"widget\" data-settings=\"{&quot;_ob_widget_stalker_use&quot;:&quot;no&quot;,&quot;_ob_poopart_use&quot;:&quot;yes&quot;,&quot;_ob_shadough_use&quot;:&quot;no&quot;,&quot;_ob_allow_hoveranimator&quot;:&quot;no&quot;}\" data-widget_type=\"html.default\">\n\t\t\t\t\t<script type=\"application\/ld+json\">\n{\n  \"@context\": \"https:\/\/schema.org\/\",\n  \"@type\": \"FAQPage\",\n  \"mainEntity\": [\n    {\n      \"@type\": \"Question\",\n      \"name\": \"Bin ich mit der Schweizer Krankenversicherung in Deutschland versichert?\",\n      \"acceptedAnswer\": {\n        \"@type\": \"Answer\",\n        \"text\": \"Ja, mit der Schweizer Grundversicherung bist du in Deutschland bei Notf\u00e4llen abgesichert. Zusatzversicherungen erm\u00f6glichen teils auch geplante Behandlungen ohne Franchise. Weitere Informationen findest du auf unserer Website.\"\n      }\n    }\n  ]\n}\n<\/script>\n\t\t\t\t<\/div>\n\t\t\t\t\t<\/div>\n\t\t<\/div>\n\t\t\t\t\t<\/div>\n\t\t<\/section>\n\t\t\t\t<section class=\"elementor-section elementor-top-section elementor-element elementor-element-2adcb3a elementor-section-boxed elementor-section-height-default elementor-section-height-default\" data-id=\"2adcb3a\" data-element_type=\"section\" data-e-type=\"section\" data-settings=\"{&quot;_ob_glider_is_slider&quot;:&quot;no&quot;,&quot;_ha_eqh_enable&quot;:false}\">\n\t\t\t\t\t\t<div class=\"elementor-container elementor-column-gap-default\">\n\t\t\t\t\t<div class=\"elementor-column elementor-col-100 elementor-top-column elementor-element elementor-element-30df70e\" data-id=\"30df70e\" data-element_type=\"column\" data-e-type=\"column\" data-settings=\"{&quot;_ob_column_hoveranimator&quot;:&quot;no&quot;,&quot;_ob_column_has_pseudo&quot;:&quot;no&quot;}\">\n\t\t\t<div class=\"elementor-widget-wrap elementor-element-populated\">\n\t\t\t\t\t\t<div class=\"elementor-element elementor-element-1d9a90f ob-has-background-overlay elementor-widget elementor-widget-ha-breadcrumbs happy-addon ha-breadcrumbs happy-addon-pro\" data-id=\"1d9a90f\" data-element_type=\"widget\" data-e-type=\"widget\" data-settings=\"{&quot;_ob_widget_stalker_use&quot;:&quot;no&quot;,&quot;_ob_poopart_use&quot;:&quot;yes&quot;,&quot;_ob_shadough_use&quot;:&quot;no&quot;,&quot;_ob_allow_hoveranimator&quot;:&quot;no&quot;}\" data-widget_type=\"ha-breadcrumbs.default\">\n\t\t\t\t\t<ul class=\"ha-breadcrumbs\"><li class=\"ha-breadcrumbs-item ha-breadcrumbs-start\"><a href=\"https:\/\/www.deine3a.ch\/en\/\" rel=\"home\"><span class=\"ha-breadcrumbs-text\">Startseite<\/span><\/a><\/li><\/ul>\t\t\t\t<\/div>\n\t\t\t\t\t<\/div>\n\t\t<\/div>\n\t\t\t\t\t<\/div>\n\t\t<\/section>\n\t\t\t\t<\/div>\n\t\t","protected":false},"excerpt":{"rendered":"<p>Bin ich mit der Schweizer Krankenversicherung in Deutschland versichert? Ja, du bist durch die Schweizer Grundversicherung f\u00fcr Notf\u00e4lle in Deutschland abgesichert. Dar\u00fcber hinaus gibt es Krankenkassen, die Zusatzversicherungen anbieten, mit denen du auch bei geplanten, ambulanten Behandlungen und Vorsorgeuntersuchungen in Deutschland versichert bist. Ein wesentlicher Vorteil solcher Zusatzversicherungen besteht darin, dass du bei geplanten Behandlungen [&hellip;]<\/p>\n","protected":false},"author":1,"featured_media":5075,"parent":0,"menu_order":0,"comment_status":"closed","ping_status":"closed","template":"","meta":{"footnotes":""},"class_list":["post-1019","page","type-page","status-publish","has-post-thumbnail","hentry"],"yoast_head":"<!-- This site is optimized with the Yoast SEO plugin v27.3 - https:\/\/yoast.com\/product\/yoast-seo-wordpress\/ -->\n<title>Mit Schweizer Krankenkasse in Deutschland versichert? | Deine3a<\/title>\n<meta name=\"description\" content=\"Auswandern in die Schweiz? Wir zeigen dir, wie du mit der Schweizer Krankenkasse auch in Deutschland einfach zum Arzt kannst.\" \/>\n<meta name=\"robots\" content=\"index, follow, max-snippet:-1, max-image-preview:large, max-video-preview:-1\" \/>\n<link rel=\"canonical\" href=\"https:\/\/www.deine3a.ch\/en\/insured-in-germany-with-swiss-health-insurance\/\" \/>\n<meta property=\"og:locale\" content=\"en_GB\" \/>\n<meta property=\"og:type\" content=\"article\" \/>\n<meta property=\"og:title\" content=\"Mit Schweizer Krankenkasse in Deutschland versichert? | Deine3a\" \/>\n<meta property=\"og:description\" content=\"Auswandern in die Schweiz? Wir zeigen dir, wie du mit der Schweizer Krankenkasse auch in Deutschland einfach zum Arzt kannst.\" \/>\n<meta property=\"og:url\" content=\"https:\/\/www.deine3a.ch\/en\/insured-in-germany-with-swiss-health-insurance\/\" \/>\n<meta property=\"og:site_name\" content=\"Deine3a\" \/>\n<meta property=\"article:modified_time\" content=\"2026-03-11T20:27:13+00:00\" \/>\n<meta property=\"og:image\" content=\"https:\/\/www.deine3a.ch\/wp-content\/uploads\/2024\/10\/20240918_Deine3a64471_zugeschnitten-2.jpg\" \/>\n\t<meta property=\"og:image:width\" content=\"1038\" \/>\n\t<meta property=\"og:image:height\" content=\"722\" \/>\n\t<meta property=\"og:image:type\" content=\"image\/jpeg\" \/>\n<meta name=\"twitter:card\" content=\"summary_large_image\" \/>\n<meta name=\"twitter:label1\" content=\"Estimated reading time\" \/>\n\t<meta name=\"twitter:data1\" content=\"2 minutes\" \/>\n<script type=\"application\/ld+json\" class=\"yoast-schema-graph\">{\"@context\":\"https:\\\/\\\/schema.org\",\"@graph\":[{\"@type\":[\"WebPage\",\"QAPage\"],\"@id\":\"https:\\\/\\\/www.deine3a.ch\\\/mit-schweizer-krankenversicherung-in-deutschland-versichert\\\/\",\"url\":\"https:\\\/\\\/www.deine3a.ch\\\/mit-schweizer-krankenversicherung-in-deutschland-versichert\\\/\",\"name\":\"Mit Schweizer Krankenkasse in Deutschland versichert? | Deine3a\",\"isPartOf\":{\"@id\":\"https:\\\/\\\/www.deine3a.ch\\\/#website\"},\"primaryImageOfPage\":{\"@id\":\"https:\\\/\\\/www.deine3a.ch\\\/mit-schweizer-krankenversicherung-in-deutschland-versichert\\\/#primaryimage\"},\"image\":{\"@id\":\"https:\\\/\\\/www.deine3a.ch\\\/mit-schweizer-krankenversicherung-in-deutschland-versichert\\\/#primaryimage\"},\"thumbnailUrl\":\"https:\\\/\\\/www.deine3a.ch\\\/wp-content\\\/uploads\\\/2024\\\/10\\\/20240918_Deine3a64471_zugeschnitten-2.jpg\",\"datePublished\":\"2024-08-10T12:27:30+00:00\",\"dateModified\":\"2026-03-11T20:27:13+00:00\",\"description\":\"Auswandern in die Schweiz? Wir zeigen dir, wie du mit der Schweizer Krankenkasse auch in Deutschland einfach zum Arzt kannst.\",\"breadcrumb\":{\"@id\":\"https:\\\/\\\/www.deine3a.ch\\\/mit-schweizer-krankenversicherung-in-deutschland-versichert\\\/#breadcrumb\"},\"inLanguage\":\"en-GB\",\"potentialAction\":[{\"@type\":\"ReadAction\",\"target\":[\"https:\\\/\\\/www.deine3a.ch\\\/mit-schweizer-krankenversicherung-in-deutschland-versichert\\\/\"]}]},{\"@type\":\"ImageObject\",\"inLanguage\":\"en-GB\",\"@id\":\"https:\\\/\\\/www.deine3a.ch\\\/mit-schweizer-krankenversicherung-in-deutschland-versichert\\\/#primaryimage\",\"url\":\"https:\\\/\\\/www.deine3a.ch\\\/wp-content\\\/uploads\\\/2024\\\/10\\\/20240918_Deine3a64471_zugeschnitten-2.jpg\",\"contentUrl\":\"https:\\\/\\\/www.deine3a.ch\\\/wp-content\\\/uploads\\\/2024\\\/10\\\/20240918_Deine3a64471_zugeschnitten-2.jpg\",\"width\":1038,\"height\":722,\"caption\":\"Deine3a | Auswandern Schweiz\"},{\"@type\":\"BreadcrumbList\",\"@id\":\"https:\\\/\\\/www.deine3a.ch\\\/mit-schweizer-krankenversicherung-in-deutschland-versichert\\\/#breadcrumb\",\"itemListElement\":[{\"@type\":\"ListItem\",\"position\":1,\"name\":\"Startseite\",\"item\":\"https:\\\/\\\/www.deine3a.ch\\\/\"},{\"@type\":\"ListItem\",\"position\":2,\"name\":\"Deine3a | Bin ich mit der Schweizer Krankenversicherung in Deutschland versichert? | Auswandern Schweiz | Auswanderungsagentur\"}]},{\"@type\":\"WebSite\",\"@id\":\"https:\\\/\\\/www.deine3a.ch\\\/#website\",\"url\":\"https:\\\/\\\/www.deine3a.ch\\\/\",\"name\":\"Deine3a\",\"description\":\"Deine3a GmbH\",\"publisher\":{\"@id\":\"https:\\\/\\\/www.deine3a.ch\\\/#organization\"},\"potentialAction\":[{\"@type\":\"SearchAction\",\"target\":{\"@type\":\"EntryPoint\",\"urlTemplate\":\"https:\\\/\\\/www.deine3a.ch\\\/?s={search_term_string}\"},\"query-input\":{\"@type\":\"PropertyValueSpecification\",\"valueRequired\":true,\"valueName\":\"search_term_string\"}}],\"inLanguage\":\"en-GB\"},{\"@type\":\"Organization\",\"@id\":\"https:\\\/\\\/www.deine3a.ch\\\/#organization\",\"name\":\"Deine3a\",\"url\":\"https:\\\/\\\/www.deine3a.ch\\\/\",\"logo\":{\"@type\":\"ImageObject\",\"inLanguage\":\"en-GB\",\"@id\":\"https:\\\/\\\/www.deine3a.ch\\\/#\\\/schema\\\/logo\\\/image\\\/\",\"url\":\"https:\\\/\\\/www.deine3a.ch\\\/wp-content\\\/uploads\\\/2024\\\/08\\\/Deine3a-Logo.svg\",\"contentUrl\":\"https:\\\/\\\/www.deine3a.ch\\\/wp-content\\\/uploads\\\/2024\\\/08\\\/Deine3a-Logo.svg\",\"width\":5000,\"height\":1810,\"caption\":\"Deine3a\"},\"image\":{\"@id\":\"https:\\\/\\\/www.deine3a.ch\\\/#\\\/schema\\\/logo\\\/image\\\/\"},\"sameAs\":[\"https:\\\/\\\/www.youtube.com\\\/@Deine3a\",\"https:\\\/\\\/ch.linkedin.com\\\/company\\\/deine3a\"]}]}<\/script>\n<!-- \/ Yoast SEO plugin. -->","yoast_head_json":{"title":"Insured in Germany with Swiss health insurance? | Your3a","description":"Emigrating to Switzerland? We'll show you how you can easily see a doctor in Germany with Swiss health insurance.","robots":{"index":"index","follow":"follow","max-snippet":"max-snippet:-1","max-image-preview":"max-image-preview:large","max-video-preview":"max-video-preview:-1"},"canonical":"https:\/\/www.deine3a.ch\/en\/insured-in-germany-with-swiss-health-insurance\/","og_locale":"en_GB","og_type":"article","og_title":"Mit Schweizer Krankenkasse in Deutschland versichert? | Deine3a","og_description":"Auswandern in die Schweiz? Wir zeigen dir, wie du mit der Schweizer Krankenkasse auch in Deutschland einfach zum Arzt kannst.","og_url":"https:\/\/www.deine3a.ch\/en\/insured-in-germany-with-swiss-health-insurance\/","og_site_name":"Deine3a","article_modified_time":"2026-03-11T20:27:13+00:00","og_image":[{"width":1038,"height":722,"url":"https:\/\/www.deine3a.ch\/wp-content\/uploads\/2024\/10\/20240918_Deine3a64471_zugeschnitten-2.jpg","type":"image\/jpeg"}],"twitter_card":"summary_large_image","twitter_misc":{"Estimated reading time":"2 minutes"},"schema":{"@context":"https:\/\/schema.org","@graph":[{"@type":["WebPage","QAPage"],"@id":"https:\/\/www.deine3a.ch\/mit-schweizer-krankenversicherung-in-deutschland-versichert\/","url":"https:\/\/www.deine3a.ch\/mit-schweizer-krankenversicherung-in-deutschland-versichert\/","name":"Insured in Germany with Swiss health insurance? | Your3a","isPartOf":{"@id":"https:\/\/www.deine3a.ch\/#website"},"primaryImageOfPage":{"@id":"https:\/\/www.deine3a.ch\/mit-schweizer-krankenversicherung-in-deutschland-versichert\/#primaryimage"},"image":{"@id":"https:\/\/www.deine3a.ch\/mit-schweizer-krankenversicherung-in-deutschland-versichert\/#primaryimage"},"thumbnailUrl":"https:\/\/www.deine3a.ch\/wp-content\/uploads\/2024\/10\/20240918_Deine3a64471_zugeschnitten-2.jpg","datePublished":"2024-08-10T12:27:30+00:00","dateModified":"2026-03-11T20:27:13+00:00","description":"Emigrating to Switzerland? We'll show you how you can easily see a doctor in Germany with Swiss health insurance.","breadcrumb":{"@id":"https:\/\/www.deine3a.ch\/mit-schweizer-krankenversicherung-in-deutschland-versichert\/#breadcrumb"},"inLanguage":"en-GB","potentialAction":[{"@type":"ReadAction","target":["https:\/\/www.deine3a.ch\/mit-schweizer-krankenversicherung-in-deutschland-versichert\/"]}]},{"@type":"ImageObject","inLanguage":"en-GB","@id":"https:\/\/www.deine3a.ch\/mit-schweizer-krankenversicherung-in-deutschland-versichert\/#primaryimage","url":"https:\/\/www.deine3a.ch\/wp-content\/uploads\/2024\/10\/20240918_Deine3a64471_zugeschnitten-2.jpg","contentUrl":"https:\/\/www.deine3a.ch\/wp-content\/uploads\/2024\/10\/20240918_Deine3a64471_zugeschnitten-2.jpg","width":1038,"height":722,"caption":"Deine3a | Auswandern Schweiz"},{"@type":"BreadcrumbList","@id":"https:\/\/www.deine3a.ch\/mit-schweizer-krankenversicherung-in-deutschland-versichert\/#breadcrumb","itemListElement":[{"@type":"ListItem","position":1,"name":"Startseite","item":"https:\/\/www.deine3a.ch\/"},{"@type":"ListItem","position":2,"name":"Deine3a | Bin ich mit der Schweizer Krankenversicherung in Deutschland versichert? | Auswandern Schweiz | Auswanderungsagentur"}]},{"@type":"WebSite","@id":"https:\/\/www.deine3a.ch\/#website","url":"https:\/\/www.deine3a.ch\/","name":"Yours3a","description":"Deine3a GmbH","publisher":{"@id":"https:\/\/www.deine3a.ch\/#organization"},"potentialAction":[{"@type":"SearchAction","target":{"@type":"EntryPoint","urlTemplate":"https:\/\/www.deine3a.ch\/?s={search_term_string}"},"query-input":{"@type":"PropertyValueSpecification","valueRequired":true,"valueName":"search_term_string"}}],"inLanguage":"en-GB"},{"@type":"Organization","@id":"https:\/\/www.deine3a.ch\/#organization","name":"Yours3a","url":"https:\/\/www.deine3a.ch\/","logo":{"@type":"ImageObject","inLanguage":"en-GB","@id":"https:\/\/www.deine3a.ch\/#\/schema\/logo\/image\/","url":"https:\/\/www.deine3a.ch\/wp-content\/uploads\/2024\/08\/Deine3a-Logo.svg","contentUrl":"https:\/\/www.deine3a.ch\/wp-content\/uploads\/2024\/08\/Deine3a-Logo.svg","width":5000,"height":1810,"caption":"Deine3a"},"image":{"@id":"https:\/\/www.deine3a.ch\/#\/schema\/logo\/image\/"},"sameAs":["https:\/\/www.youtube.com\/@Deine3a","https:\/\/ch.linkedin.com\/company\/deine3a"]}]}},"_links":{"self":[{"href":"https:\/\/www.deine3a.ch\/en\/wp-json\/wp\/v2\/pages\/1019","targetHints":{"allow":["GET"]}}],"collection":[{"href":"https:\/\/www.deine3a.ch\/en\/wp-json\/wp\/v2\/pages"}],"about":[{"href":"https:\/\/www.deine3a.ch\/en\/wp-json\/wp\/v2\/types\/page"}],"author":[{"embeddable":true,"href":"https:\/\/www.deine3a.ch\/en\/wp-json\/wp\/v2\/users\/1"}],"replies":[{"embeddable":true,"href":"https:\/\/www.deine3a.ch\/en\/wp-json\/wp\/v2\/comments?post=1019"}],"version-history":[{"count":28,"href":"https:\/\/www.deine3a.ch\/en\/wp-json\/wp\/v2\/pages\/1019\/revisions"}],"predecessor-version":[{"id":11299,"href":"https:\/\/www.deine3a.ch\/en\/wp-json\/wp\/v2\/pages\/1019\/revisions\/11299"}],"wp:featuredmedia":[{"embeddable":true,"href":"https:\/\/www.deine3a.ch\/en\/wp-json\/wp\/v2\/media\/5075"}],"wp:attachment":[{"href":"https:\/\/www.deine3a.ch\/en\/wp-json\/wp\/v2\/media?parent=1019"}],"curies":[{"name":"wp","href":"https:\/\/api.w.org\/{rel}","templated":true}]}}