{"id":999,"date":"2024-08-10T14:18:41","date_gmt":"2024-08-10T12:18:41","guid":{"rendered":"https:\/\/www.deine3a.ch\/?page_id=999"},"modified":"2025-05-19T19:17:31","modified_gmt":"2025-05-19T17:17:31","slug":"where-do-i-apply-for-my-swiss-work-permit","status":"publish","type":"page","link":"https:\/\/www.deine3a.ch\/en\/wo-beantrage-ich-meine-schweizer-arbeitsbewilligung\/","title":{"rendered":"Your3a | Where do I apply for my Swiss work permit? | Emigration Switzerland | Emigration agency"},"content":{"rendered":"\t\t<div data-elementor-type=\"wp-page\" data-elementor-id=\"999\" class=\"elementor elementor-999\" data-elementor-settings=\"{&quot;ha_cmc_init_switcher&quot;:&quot;no&quot;}\" data-elementor-post-type=\"page\">\n\t\t\t\t\t\t<section class=\"elementor-section elementor-top-section elementor-element elementor-element-fcfc7ff elementor-section-boxed elementor-section-height-default elementor-section-height-default\" data-id=\"fcfc7ff\" data-element_type=\"section\" data-e-type=\"section\" data-settings=\"{&quot;_ob_glider_is_slider&quot;:&quot;no&quot;,&quot;_ha_eqh_enable&quot;:false}\">\n\t\t\t\t\t\t<div class=\"elementor-container elementor-column-gap-default\">\n\t\t\t\t\t<div class=\"elementor-column elementor-col-100 elementor-top-column elementor-element elementor-element-5b9b935\" data-id=\"5b9b935\" data-element_type=\"column\" data-e-type=\"column\" data-settings=\"{&quot;_ob_column_hoveranimator&quot;:&quot;no&quot;,&quot;_ob_column_has_pseudo&quot;:&quot;no&quot;}\">\n\t\t\t<div class=\"elementor-widget-wrap elementor-element-populated\">\n\t\t\t\t\t\t<div class=\"elementor-element elementor-element-1b22899 ob-harakiri-inherit ob-has-background-overlay elementor-widget elementor-widget-heading\" data-id=\"1b22899\" data-element_type=\"widget\" data-e-type=\"widget\" data-settings=\"{&quot;_ob_use_harakiri&quot;:&quot;yes&quot;,&quot;_ob_harakiri_writing_mode&quot;:&quot;inherit&quot;,&quot;_ob_harakiri_text_clip&quot;:&quot;none&quot;,&quot;_ob_widget_stalker_use&quot;:&quot;no&quot;,&quot;_ob_poopart_use&quot;:&quot;yes&quot;,&quot;_ob_shadough_use&quot;:&quot;no&quot;,&quot;_ob_allow_hoveranimator&quot;:&quot;no&quot;}\" data-widget_type=\"heading.default\">\n\t\t\t\t\t<h1 class=\"elementor-heading-title elementor-size-default\">Wo beantrage ich meine Schweizer Arbeitsbewilligung?<\/h1>\t\t\t\t<\/div>\n\t\t\t\t<div class=\"elementor-element elementor-element-0ce65ad elementor-view-default ob-has-background-overlay elementor-widget elementor-widget-icon\" data-id=\"0ce65ad\" data-element_type=\"widget\" data-e-type=\"widget\" data-settings=\"{&quot;_ob_widget_stalker_use&quot;:&quot;no&quot;,&quot;_ob_poopart_use&quot;:&quot;yes&quot;,&quot;_ob_shadough_use&quot;:&quot;no&quot;,&quot;_ob_allow_hoveranimator&quot;:&quot;no&quot;}\" data-widget_type=\"icon.default\">\n\t\t\t\t\t\t\t<div class=\"elementor-icon-wrapper\">\n\t\t\t<div class=\"elementor-icon\">\n\t\t\t<svg aria-hidden=\"true\" class=\"e-font-icon-svg e-fas-quote-right\" viewBox=\"0 0 512 512\" xmlns=\"http:\/\/www.w3.org\/2000\/svg\"><path d=\"M464 32H336c-26.5 0-48 21.5-48 48v128c0 26.5 21.5 48 48 48h80v64c0 35.3-28.7 64-64 64h-8c-13.3 0-24 10.7-24 24v48c0 13.3 10.7 24 24 24h8c88.4 0 160-71.6 160-160V80c0-26.5-21.5-48-48-48zm-288 0H48C21.5 32 0 53.5 0 80v128c0 26.5 21.5 48 48 48h80v64c0 35.3-28.7 64-64 64h-8c-13.3 0-24 10.7-24 24v48c0 13.3 10.7 24 24 24h8c88.4 0 160-71.6 160-160V80c0-26.5-21.5-48-48-48z\"><\/path><\/svg>\t\t\t<\/div>\n\t\t<\/div>\n\t\t\t\t\t\t<\/div>\n\t\t\t\t<div class=\"elementor-element elementor-element-6575cb4 ob-harakiri-inherit ob-has-background-overlay elementor-widget elementor-widget-text-editor\" data-id=\"6575cb4\" data-element_type=\"widget\" data-e-type=\"widget\" data-settings=\"{&quot;_ob_use_harakiri&quot;:&quot;yes&quot;,&quot;_ob_harakiri_writing_mode&quot;:&quot;inherit&quot;,&quot;_ob_postman_use&quot;:&quot;no&quot;,&quot;_ob_widget_stalker_use&quot;:&quot;no&quot;,&quot;_ob_poopart_use&quot;:&quot;yes&quot;,&quot;_ob_shadough_use&quot;:&quot;no&quot;,&quot;_ob_allow_hoveranimator&quot;:&quot;no&quot;}\" data-widget_type=\"text-editor.default\">\n\t\t\t\t\t\t\t\t\t<p>Zun\u00e4chst ist zu erw\u00e4hnen, dass die B-Aufenthaltsbewilligung gleichzeitig auch deine Arbeitsbewilligung darstellt. F\u00fcr deutsche Auswanderer wird in der Schweiz keine separate Arbeitsbewilligung ausgestellt. Deine <a href=\"https:\/\/www.deine3a.ch\/schweizer-aufenthaltsbewilligung\/\">B-Aufenthaltsbewilligung<\/a> beantragst du bei der Wohngemeinde, also im Rathaus. Zun\u00e4chst erh\u00e4ltst du von der Gemeinde eine <a href=\"https:\/\/www.deine3a.ch\/in-die-schweiz-auswandern\/\">Meldebescheinigung<\/a>, die deinen Wohnsitz in der Schweiz best\u00e4tigt. Die B-Bewilligung selbst bekommst du in der Regel 3-4 Wochen sp\u00e4ter. Keine Sorge: Mit der Meldebescheinigung darfst du deine T\u00e4tigkeit bereits aufnehmen. Um den Prozess im Rathaus zu beschleunigen, solltest du alle erforderlichen Unterlagen wie Arbeitsvertrag, Mietvertrag und deinen deutschen Personalausweis bereithalten.<\/p>\t\t\t\t\t\t\t\t<\/div>\n\t\t\t\t<section class=\"elementor-section elementor-inner-section elementor-element elementor-element-f0987d0 elementor-section-boxed elementor-section-height-default elementor-section-height-default\" data-id=\"f0987d0\" data-element_type=\"section\" data-e-type=\"section\" data-settings=\"{&quot;_ob_glider_is_slider&quot;:&quot;no&quot;,&quot;_ha_eqh_enable&quot;:false}\">\n\t\t\t\t\t\t<div class=\"elementor-container elementor-column-gap-default\">\n\t\t\t\t\t<div class=\"elementor-column elementor-col-50 elementor-inner-column elementor-element elementor-element-dda125c\" data-id=\"dda125c\" data-element_type=\"column\" data-e-type=\"column\" data-settings=\"{&quot;_ob_column_hoveranimator&quot;:&quot;no&quot;,&quot;_ob_column_has_pseudo&quot;:&quot;no&quot;}\">\n\t\t\t<div class=\"elementor-widget-wrap elementor-element-populated\">\n\t\t\t\t\t\t<div class=\"elementor-element elementor-element-8158087 ob-has-background-overlay elementor-widget elementor-widget-image\" data-id=\"8158087\" data-element_type=\"widget\" data-e-type=\"widget\" data-settings=\"{&quot;_ob_photomorph_use&quot;:&quot;no&quot;,&quot;_ob_widget_stalker_use&quot;:&quot;no&quot;,&quot;_ob_poopart_use&quot;:&quot;yes&quot;,&quot;_ob_shadough_use&quot;:&quot;no&quot;,&quot;_ob_allow_hoveranimator&quot;:&quot;no&quot;}\" data-widget_type=\"image.default\">\n\t\t\t\t\t\t\t\t\t\t\t\t\t\t\t<img fetchpriority=\"high\" decoding=\"async\" width=\"800\" height=\"800\" src=\"https:\/\/www.deine3a.ch\/wp-content\/uploads\/2024\/09\/Jim-Ince_Pic-1024x1024.png\" class=\"attachment-large size-large wp-image-3046\" alt=\"Auswandern Schweiz | Deine3a\" srcset=\"https:\/\/www.deine3a.ch\/wp-content\/uploads\/2024\/09\/Jim-Ince_Pic-1024x1024.png 1024w, https:\/\/www.deine3a.ch\/wp-content\/uploads\/2024\/09\/Jim-Ince_Pic-300x300.png 300w, https:\/\/www.deine3a.ch\/wp-content\/uploads\/2024\/09\/Jim-Ince_Pic-150x150.png 150w, https:\/\/www.deine3a.ch\/wp-content\/uploads\/2024\/09\/Jim-Ince_Pic-768x768.png 768w, https:\/\/www.deine3a.ch\/wp-content\/uploads\/2024\/09\/Jim-Ince_Pic.png 1212w\" sizes=\"(max-width: 800px) 100vw, 800px\" \/>\t\t\t\t\t\t\t\t\t\t\t\t\t\t\t<\/div>\n\t\t\t\t\t<\/div>\n\t\t<\/div>\n\t\t\t\t<div class=\"elementor-column elementor-col-50 elementor-inner-column elementor-element elementor-element-8290e32\" data-id=\"8290e32\" data-element_type=\"column\" data-e-type=\"column\" data-settings=\"{&quot;_ob_column_hoveranimator&quot;:&quot;no&quot;,&quot;_ob_column_has_pseudo&quot;:&quot;no&quot;}\">\n\t\t\t<div class=\"elementor-widget-wrap elementor-element-populated\">\n\t\t\t\t\t\t<div class=\"elementor-element elementor-element-1b542c7 ob-harakiri-inherit ob-has-background-overlay elementor-widget elementor-widget-heading\" data-id=\"1b542c7\" data-element_type=\"widget\" data-e-type=\"widget\" data-settings=\"{&quot;_ob_use_harakiri&quot;:&quot;yes&quot;,&quot;_ob_harakiri_writing_mode&quot;:&quot;inherit&quot;,&quot;_ob_harakiri_text_clip&quot;:&quot;none&quot;,&quot;_ob_widget_stalker_use&quot;:&quot;no&quot;,&quot;_ob_poopart_use&quot;:&quot;yes&quot;,&quot;_ob_shadough_use&quot;:&quot;no&quot;,&quot;_ob_allow_hoveranimator&quot;:&quot;no&quot;}\" data-widget_type=\"heading.default\">\n\t\t\t\t\t<p class=\"elementor-heading-title elementor-size-default\">Jim Ince<\/p>\t\t\t\t<\/div>\n\t\t\t\t<div class=\"elementor-element elementor-element-dc5637d ob-harakiri-inherit ob-has-background-overlay elementor-widget elementor-widget-text-editor\" data-id=\"dc5637d\" data-element_type=\"widget\" data-e-type=\"widget\" data-settings=\"{&quot;_ob_use_harakiri&quot;:&quot;yes&quot;,&quot;_ob_harakiri_writing_mode&quot;:&quot;inherit&quot;,&quot;_ob_postman_use&quot;:&quot;no&quot;,&quot;_ob_widget_stalker_use&quot;:&quot;no&quot;,&quot;_ob_poopart_use&quot;:&quot;yes&quot;,&quot;_ob_shadough_use&quot;:&quot;no&quot;,&quot;_ob_allow_hoveranimator&quot;:&quot;no&quot;}\" data-widget_type=\"text-editor.default\">\n\t\t\t\t\t\t\t\t\t<p>Experte | Auswanderungsagentur Deine3a<\/p>\t\t\t\t\t\t\t\t<\/div>\n\t\t\t\t\t<\/div>\n\t\t<\/div>\n\t\t\t\t\t<\/div>\n\t\t<\/section>\n\t\t\t\t<div class=\"elementor-element elementor-element-660779a elementor-align-center ob-has-background-overlay elementor-widget elementor-widget-button\" data-id=\"660779a\" data-element_type=\"widget\" data-e-type=\"widget\" data-settings=\"{&quot;_ob_butterbutton_use_it&quot;:&quot;no&quot;,&quot;_ob_widget_stalker_use&quot;:&quot;no&quot;,&quot;_ob_poopart_use&quot;:&quot;yes&quot;,&quot;_ob_shadough_use&quot;:&quot;no&quot;,&quot;_ob_allow_hoveranimator&quot;:&quot;no&quot;}\" data-widget_type=\"button.default\">\n\t\t\t\t\t\t\t\t\t\t<a class=\"elementor-button elementor-button-link elementor-size-sm\" href=\"https:\/\/www.deine3a.ch\/die-haeufigsten-fragen-auswandern-schweiz\/\">\n\t\t\t\t\t\t<span class=\"elementor-button-content-wrapper\">\n\t\t\t\t\t\t\t\t\t<span class=\"elementor-button-text\">Zur\u00fcck zur \u00dcbersicht<\/span>\n\t\t\t\t\t<\/span>\n\t\t\t\t\t<\/a>\n\t\t\t\t\t\t\t\t<\/div>\n\t\t\t\t\t<\/div>\n\t\t<\/div>\n\t\t\t\t\t<\/div>\n\t\t<\/section>\n\t\t\t\t<section class=\"elementor-section elementor-top-section elementor-element elementor-element-8019259 elementor-section-content-middle elementor-section-boxed elementor-section-height-default elementor-section-height-default\" data-id=\"8019259\" data-element_type=\"section\" data-e-type=\"section\" data-settings=\"{&quot;background_background&quot;:&quot;classic&quot;,&quot;_ob_glider_is_slider&quot;:&quot;no&quot;,&quot;_ha_eqh_enable&quot;:false}\">\n\t\t\t\t\t\t<div class=\"elementor-container elementor-column-gap-wider\">\n\t\t\t\t\t<div class=\"elementor-column elementor-col-100 elementor-top-column elementor-element elementor-element-488e9d0\" data-id=\"488e9d0\" data-element_type=\"column\" data-e-type=\"column\" data-settings=\"{&quot;_ob_column_hoveranimator&quot;:&quot;no&quot;,&quot;_ob_column_has_pseudo&quot;:&quot;no&quot;}\">\n\t\t\t<div class=\"elementor-widget-wrap elementor-element-populated\">\n\t\t\t\t\t\t<div class=\"elementor-element elementor-element-37d5eff ha-align-center ha-align-center ha-layout-block ha-layout-inline ob-has-background-overlay elementor-widget elementor-widget-ha-advanced-heading happy-addon ha-advanced-heading happy-addon-pro\" data-id=\"37d5eff\" data-element_type=\"widget\" data-e-type=\"widget\" data-settings=\"{&quot;_ob_widget_stalker_use&quot;:&quot;no&quot;,&quot;_ob_poopart_use&quot;:&quot;yes&quot;,&quot;_ob_shadough_use&quot;:&quot;no&quot;,&quot;_ob_allow_hoveranimator&quot;:&quot;no&quot;}\" data-widget_type=\"ha-advanced-heading.default\">\n\t\t\t\t\t\n\t\t<h2 class=\"ha-advanced-heading-tag\">\n\t\t\t\t\t\t<div class=\"ha-advanced-heading-wrap\" data-background-text=\"\">\n\t\t\t\t<span class=\"ha-advanced-heading-before\">Beratungsteam<\/span>\n\t\t\t\t<span class=\"ha-advanced-heading-center\"><\/span>\n\t\t\t\t<span class=\"ha-advanced-heading-after\"><\/span>\n\t\t\t\t<span class=\"ha-advanced-heading-border\"><\/span>\n\t\t\t<\/div>\n\t\t\t\t\t<\/h2>\n\n\t\t\t\t\t\t<\/div>\n\t\t\t\t<div class=\"elementor-element elementor-element-1a8a42f ob-harakiri-inherit ob-has-background-overlay elementor-widget elementor-widget-text-editor\" data-id=\"1a8a42f\" data-element_type=\"widget\" data-e-type=\"widget\" data-settings=\"{&quot;_ob_use_harakiri&quot;:&quot;yes&quot;,&quot;_ob_harakiri_writing_mode&quot;:&quot;inherit&quot;,&quot;_ob_postman_use&quot;:&quot;no&quot;,&quot;_ob_widget_stalker_use&quot;:&quot;no&quot;,&quot;_ob_poopart_use&quot;:&quot;yes&quot;,&quot;_ob_shadough_use&quot;:&quot;no&quot;,&quot;_ob_allow_hoveranimator&quot;:&quot;no&quot;}\" data-widget_type=\"text-editor.default\">\n\t\t\t\t\t\t\t\t\t<p>Unser Beratungsteam und Innendienst sind auf Auswanderer aus Deutschland und \u00d6sterreich spezialisiert, t\u00e4glich begleiten wir Menschen beim Auswandern in die Schweiz. Wenn auch du in die Schweiz auswandern m\u00f6chtest, melde dich gerne \u00fcber das Kontaktformular und lerne unser Team in Z\u00fcrich kennen \u2013 wir freuen uns auf dich! \ud83e\udd17<\/p>\t\t\t\t\t\t\t\t<\/div>\n\t\t\t\t<div class=\"elementor-element elementor-element-bbab378 elementor-widget elementor-widget-gallery\" data-id=\"bbab378\" data-element_type=\"widget\" data-e-type=\"widget\" data-settings=\"{&quot;columns&quot;:3,&quot;_animation&quot;:&quot;none&quot;,&quot;gallery_layout&quot;:&quot;grid&quot;,&quot;columns_tablet&quot;:2,&quot;columns_mobile&quot;:1,&quot;gap&quot;:{&quot;unit&quot;:&quot;px&quot;,&quot;size&quot;:10,&quot;sizes&quot;:[]},&quot;gap_tablet&quot;:{&quot;unit&quot;:&quot;px&quot;,&quot;size&quot;:10,&quot;sizes&quot;:[]},&quot;gap_mobile&quot;:{&quot;unit&quot;:&quot;px&quot;,&quot;size&quot;:10,&quot;sizes&quot;:[]},&quot;aspect_ratio&quot;:&quot;3:2&quot;,&quot;_ob_widget_stalker_use&quot;:&quot;no&quot;,&quot;_ob_shadough_use&quot;:&quot;no&quot;,&quot;_ob_allow_hoveranimator&quot;:&quot;no&quot;}\" data-widget_type=\"gallery.default\">\n\t\t\t\t\t\t\t<div class=\"elementor-gallery__container\">\n\t\t\t\t\t\t\t<div class=\"e-gallery-item elementor-gallery-item\">\n\t\t\t\t\t<div class=\"e-gallery-image elementor-gallery-item__image\" data-thumbnail=\"https:\/\/www.deine3a.ch\/wp-content\/uploads\/2024\/09\/20240918_Deine3a64649-1024x683.jpg\" data-width=\"800\" data-height=\"534\" aria-label=\"Deine3a | Auswandern Schweiz\" role=\"img\" ><\/div>\n\t\t\t\t\t\t\t\t\t\t\t\t\t\t<\/div>\n\t\t\t\t\t\t\t<div class=\"e-gallery-item elementor-gallery-item\">\n\t\t\t\t\t<div class=\"e-gallery-image elementor-gallery-item__image\" data-thumbnail=\"https:\/\/www.deine3a.ch\/wp-content\/uploads\/2024\/09\/20240918_Deine3a65050-1024x683.jpg\" data-width=\"800\" data-height=\"534\" aria-label=\"Deine3a | Auswandern Schweiz\" role=\"img\" ><\/div>\n\t\t\t\t\t\t\t\t\t\t\t\t\t\t<\/div>\n\t\t\t\t\t\t\t<div class=\"e-gallery-item elementor-gallery-item\">\n\t\t\t\t\t<div class=\"e-gallery-image elementor-gallery-item__image\" data-thumbnail=\"https:\/\/www.deine3a.ch\/wp-content\/uploads\/2024\/09\/20240918_Deine3a64834-1024x683.jpg\" data-width=\"800\" data-height=\"534\" aria-label=\"Deine3a | Auswandern Schweiz\" role=\"img\" ><\/div>\n\t\t\t\t\t\t\t\t\t\t\t\t\t\t<\/div>\n\t\t\t\t\t\t\t<div class=\"e-gallery-item elementor-gallery-item\">\n\t\t\t\t\t<div class=\"e-gallery-image elementor-gallery-item__image\" data-thumbnail=\"https:\/\/www.deine3a.ch\/wp-content\/uploads\/2024\/09\/20240918_Deine3a65081-1024x683.jpg\" data-width=\"800\" data-height=\"534\" aria-label=\"Deine3a | Auswandern Schweiz\" role=\"img\" ><\/div>\n\t\t\t\t\t\t\t\t\t\t\t\t\t\t<\/div>\n\t\t\t\t\t\t\t<div class=\"e-gallery-item elementor-gallery-item\">\n\t\t\t\t\t<div class=\"e-gallery-image elementor-gallery-item__image\" data-thumbnail=\"https:\/\/www.deine3a.ch\/wp-content\/uploads\/2024\/09\/20240918_Deine3a64893-1024x682.jpg\" data-width=\"800\" data-height=\"533\" aria-label=\"Deine3a | Auswandern Schweiz\" role=\"img\" ><\/div>\n\t\t\t\t\t\t\t\t\t\t\t\t\t\t<\/div>\n\t\t\t\t\t\t\t<div class=\"e-gallery-item elementor-gallery-item\">\n\t\t\t\t\t<div class=\"e-gallery-image elementor-gallery-item__image\" data-thumbnail=\"https:\/\/www.deine3a.ch\/wp-content\/uploads\/2024\/09\/20240918_Deine3a64576-1024x683.jpg\" data-width=\"800\" data-height=\"534\" aria-label=\"Deine3a | Auswandern Schweiz\" role=\"img\" ><\/div>\n\t\t\t\t\t\t\t\t\t\t\t\t\t\t<\/div>\n\t\t\t\t\t<\/div>\n\t\t\t\t\t<\/div>\n\t\t\t\t\t<\/div>\n\t\t<\/div>\n\t\t\t\t\t<\/div>\n\t\t<\/section>\n\t\t\t\t<section class=\"elementor-section elementor-top-section elementor-element elementor-element-940a6af elementor-section-boxed elementor-section-height-default elementor-section-height-default\" data-id=\"940a6af\" data-element_type=\"section\" data-e-type=\"section\" data-settings=\"{&quot;_ob_glider_is_slider&quot;:&quot;no&quot;,&quot;_ha_eqh_enable&quot;:false}\">\n\t\t\t\t\t\t<div class=\"elementor-container elementor-column-gap-default\">\n\t\t\t\t\t<div class=\"elementor-column elementor-col-100 elementor-top-column elementor-element elementor-element-46ff3d6\" data-id=\"46ff3d6\" data-element_type=\"column\" data-e-type=\"column\" data-settings=\"{&quot;_ob_column_hoveranimator&quot;:&quot;no&quot;,&quot;_ob_column_has_pseudo&quot;:&quot;no&quot;}\">\n\t\t\t<div class=\"elementor-widget-wrap elementor-element-populated\">\n\t\t\t\t\t\t<div class=\"elementor-element elementor-element-f06dae4 ha-align-center ha-align-center ha-layout-block ha-layout-inline ob-has-background-overlay elementor-widget elementor-widget-ha-advanced-heading happy-addon ha-advanced-heading happy-addon-pro\" data-id=\"f06dae4\" data-element_type=\"widget\" data-e-type=\"widget\" data-settings=\"{&quot;_ob_widget_stalker_use&quot;:&quot;no&quot;,&quot;_ob_poopart_use&quot;:&quot;yes&quot;,&quot;_ob_shadough_use&quot;:&quot;no&quot;,&quot;_ob_allow_hoveranimator&quot;:&quot;no&quot;}\" data-widget_type=\"ha-advanced-heading.default\">\n\t\t\t\t\t\n\t\t<h2 class=\"ha-advanced-heading-tag\">\n\t\t\t\t\t\t<div class=\"ha-advanced-heading-wrap\" data-background-text=\"\">\n\t\t\t\t<span class=\"ha-advanced-heading-before\">Budgetrechner - Was kostet mich die Schweiz im Monat?<\/span>\n\t\t\t\t<span class=\"ha-advanced-heading-center\"><\/span>\n\t\t\t\t<span class=\"ha-advanced-heading-after\"><\/span>\n\t\t\t\t<span class=\"ha-advanced-heading-border\"><\/span>\n\t\t\t<\/div>\n\t\t\t\t\t<\/h2>\n\n\t\t\t\t\t\t<\/div>\n\t\t\t\t<div class=\"elementor-element elementor-element-a916323 ob-harakiri-inherit ob-has-background-overlay elementor-widget elementor-widget-text-editor\" data-id=\"a916323\" data-element_type=\"widget\" data-e-type=\"widget\" data-settings=\"{&quot;_ob_use_harakiri&quot;:&quot;yes&quot;,&quot;_ob_harakiri_writing_mode&quot;:&quot;inherit&quot;,&quot;_ob_postman_use&quot;:&quot;no&quot;,&quot;_ob_widget_stalker_use&quot;:&quot;no&quot;,&quot;_ob_poopart_use&quot;:&quot;yes&quot;,&quot;_ob_shadough_use&quot;:&quot;no&quot;,&quot;_ob_allow_hoveranimator&quot;:&quot;no&quot;}\" data-widget_type=\"text-editor.default\">\n\t\t\t\t\t\t\t\t\t<p>Auswandern Schweiz: Mit unserem Budgetrechner kannst du deine monatlichen Ausgaben in der Schweiz realistisch einsch\u00e4tzen. Von Miete \u00fcber Krankenkasse bis Steuern \u2013 das Tool berechnet deine Lebenshaltungskosten und zeigt dir am Ende deine Sparquote. Ideal zur Vorbereitung auf deine Auswanderung in die Schweiz.<\/p>\t\t\t\t\t\t\t\t<\/div>\n\t\t\t\t<div class=\"elementor-element elementor-element-d12f271 ob-has-background-overlay elementor-widget elementor-widget-image\" data-id=\"d12f271\" data-element_type=\"widget\" data-e-type=\"widget\" data-settings=\"{&quot;_ob_photomorph_use&quot;:&quot;no&quot;,&quot;_ob_widget_stalker_use&quot;:&quot;no&quot;,&quot;_ob_poopart_use&quot;:&quot;yes&quot;,&quot;_ob_shadough_use&quot;:&quot;no&quot;,&quot;_ob_allow_hoveranimator&quot;:&quot;no&quot;}\" data-widget_type=\"image.default\">\n\t\t\t\t\t\t\t\t\t\t\t\t\t\t\t<img decoding=\"async\" width=\"800\" height=\"527\" data-src=\"https:\/\/www.deine3a.ch\/wp-content\/uploads\/2025\/01\/Budgetrechner_Screenshot.png\" class=\"attachment-large size-large wp-image-7536 lazyload\" alt=\"Auswandern Schweiz | Budgetrechner Schweiz\" data-srcset=\"https:\/\/www.deine3a.ch\/wp-content\/uploads\/2025\/01\/Budgetrechner_Screenshot.png 869w, https:\/\/www.deine3a.ch\/wp-content\/uploads\/2025\/01\/Budgetrechner_Screenshot-300x197.png 300w, https:\/\/www.deine3a.ch\/wp-content\/uploads\/2025\/01\/Budgetrechner_Screenshot-768x506.png 768w\" data-sizes=\"(max-width: 800px) 100vw, 800px\" src=\"data:image\/svg+xml;base64,PHN2ZyB3aWR0aD0iMSIgaGVpZ2h0PSIxIiB4bWxucz0iaHR0cDovL3d3dy53My5vcmcvMjAwMC9zdmciPjwvc3ZnPg==\" style=\"--smush-placeholder-width: 800px; --smush-placeholder-aspect-ratio: 800\/527;\" \/>\t\t\t\t\t\t\t\t\t\t\t\t\t\t\t<\/div>\n\t\t\t\t<div class=\"elementor-element elementor-element-ab4861a elementor-align-center ob-has-background-overlay elementor-widget elementor-widget-button\" data-id=\"ab4861a\" data-element_type=\"widget\" data-e-type=\"widget\" data-settings=\"{&quot;_ob_butterbutton_use_it&quot;:&quot;no&quot;,&quot;_ob_widget_stalker_use&quot;:&quot;no&quot;,&quot;_ob_poopart_use&quot;:&quot;yes&quot;,&quot;_ob_shadough_use&quot;:&quot;no&quot;,&quot;_ob_allow_hoveranimator&quot;:&quot;no&quot;}\" data-widget_type=\"button.default\">\n\t\t\t\t\t\t\t\t\t\t<a class=\"elementor-button elementor-button-link elementor-size-sm\" href=\"https:\/\/www.deine3a.ch\/budgetrechner-was-kostet-mich-die-schweiz\/\">\n\t\t\t\t\t\t<span class=\"elementor-button-content-wrapper\">\n\t\t\t\t\t\t\t\t\t<span class=\"elementor-button-text\">Zum Budgetrechner<\/span>\n\t\t\t\t\t<\/span>\n\t\t\t\t\t<\/a>\n\t\t\t\t\t\t\t\t<\/div>\n\t\t\t\t\t<\/div>\n\t\t<\/div>\n\t\t\t\t\t<\/div>\n\t\t<\/section>\n\t\t\t\t<section class=\"elementor-section elementor-top-section elementor-element elementor-element-447e665 elementor-section-boxed elementor-section-height-default elementor-section-height-default\" data-id=\"447e665\" data-element_type=\"section\" data-e-type=\"section\" data-settings=\"{&quot;_ob_glider_is_slider&quot;:&quot;no&quot;,&quot;_ha_eqh_enable&quot;:false}\">\n\t\t\t\t\t\t<div class=\"elementor-container elementor-column-gap-default\">\n\t\t\t\t\t<div class=\"elementor-column elementor-col-100 elementor-top-column elementor-element elementor-element-68538dc\" data-id=\"68538dc\" data-element_type=\"column\" data-e-type=\"column\" data-settings=\"{&quot;_ob_column_hoveranimator&quot;:&quot;no&quot;,&quot;_ob_column_has_pseudo&quot;:&quot;no&quot;}\">\n\t\t\t<div class=\"elementor-widget-wrap elementor-element-populated\">\n\t\t\t\t\t\t<div class=\"elementor-element elementor-element-625dbc9 ha-align-center ha-align-center ha-layout-block ha-layout-inline ob-has-background-overlay elementor-widget elementor-widget-ha-advanced-heading happy-addon ha-advanced-heading happy-addon-pro\" data-id=\"625dbc9\" data-element_type=\"widget\" data-e-type=\"widget\" data-settings=\"{&quot;_ob_widget_stalker_use&quot;:&quot;no&quot;,&quot;_ob_poopart_use&quot;:&quot;yes&quot;,&quot;_ob_shadough_use&quot;:&quot;no&quot;,&quot;_ob_allow_hoveranimator&quot;:&quot;no&quot;}\" data-widget_type=\"ha-advanced-heading.default\">\n\t\t\t\t\t\n\t\t<h2 class=\"ha-advanced-heading-tag\">\n\t\t\t\t\t\t<div class=\"ha-advanced-heading-wrap\" data-background-text=\"\">\n\t\t\t\t<span class=\"ha-advanced-heading-before\">Hast du Fragen?<\/span>\n\t\t\t\t<span class=\"ha-advanced-heading-center\"><\/span>\n\t\t\t\t<span class=\"ha-advanced-heading-after\"><\/span>\n\t\t\t\t<span class=\"ha-advanced-heading-border\"><\/span>\n\t\t\t<\/div>\n\t\t\t\t\t<\/h2>\n\n\t\t\t\t\t\t<\/div>\n\t\t\t\t<div class=\"elementor-element elementor-element-b9f384f ob-harakiri-inherit ob-has-background-overlay elementor-widget elementor-widget-text-editor\" data-id=\"b9f384f\" data-element_type=\"widget\" data-e-type=\"widget\" data-settings=\"{&quot;_ob_use_harakiri&quot;:&quot;yes&quot;,&quot;_ob_harakiri_writing_mode&quot;:&quot;inherit&quot;,&quot;_ob_postman_use&quot;:&quot;no&quot;,&quot;_ob_widget_stalker_use&quot;:&quot;no&quot;,&quot;_ob_poopart_use&quot;:&quot;yes&quot;,&quot;_ob_shadough_use&quot;:&quot;no&quot;,&quot;_ob_allow_hoveranimator&quot;:&quot;no&quot;}\" data-widget_type=\"text-editor.default\">\n\t\t\t\t\t\t\t\t\t<p>Du willst in die Schweiz auswandern? Wir sind gerne f\u00fcr dich da. Unsere Beratungen sind kostenlos. Du erreichst uns \u00fcber das Kontaktformular oder komm auf einen Kaffee in Z\u00fcrich vorbei.<\/p>\t\t\t\t\t\t\t\t<\/div>\n\t\t\t\t<section class=\"elementor-section elementor-inner-section elementor-element elementor-element-66829da elementor-section-boxed elementor-section-height-default elementor-section-height-default\" data-id=\"66829da\" data-element_type=\"section\" data-e-type=\"section\" data-settings=\"{&quot;_ob_glider_is_slider&quot;:&quot;no&quot;,&quot;_ha_eqh_enable&quot;:false}\">\n\t\t\t\t\t\t<div class=\"elementor-container elementor-column-gap-default\">\n\t\t\t\t\t<div class=\"elementor-column elementor-col-33 elementor-inner-column elementor-element elementor-element-bd91a1c\" data-id=\"bd91a1c\" data-element_type=\"column\" data-e-type=\"column\" data-settings=\"{&quot;_ob_column_hoveranimator&quot;:&quot;no&quot;,&quot;_ob_column_has_pseudo&quot;:&quot;no&quot;}\">\n\t\t\t<div class=\"elementor-widget-wrap elementor-element-populated\">\n\t\t\t\t\t\t<div class=\"elementor-element elementor-element-287805e elementor-view-default ob-has-background-overlay elementor-widget elementor-widget-icon\" data-id=\"287805e\" data-element_type=\"widget\" data-e-type=\"widget\" data-settings=\"{&quot;_ob_widget_stalker_use&quot;:&quot;no&quot;,&quot;_ob_poopart_use&quot;:&quot;yes&quot;,&quot;_ob_shadough_use&quot;:&quot;no&quot;,&quot;_ob_allow_hoveranimator&quot;:&quot;no&quot;}\" data-widget_type=\"icon.default\">\n\t\t\t\t\t\t\t<div class=\"elementor-icon-wrapper\">\n\t\t\t<a class=\"elementor-icon\" href=\"https:\/\/www.deine3a.ch\/kontakt\/\">\n\t\t\t<svg aria-hidden=\"true\" class=\"e-font-icon-svg e-far-envelope\" viewBox=\"0 0 512 512\" xmlns=\"http:\/\/www.w3.org\/2000\/svg\"><path d=\"M464 64H48C21.49 64 0 85.49 0 112v288c0 26.51 21.49 48 48 48h416c26.51 0 48-21.49 48-48V112c0-26.51-21.49-48-48-48zm0 48v40.805c-22.422 18.259-58.168 46.651-134.587 106.49-16.841 13.247-50.201 45.072-73.413 44.701-23.208.375-56.579-31.459-73.413-44.701C106.18 199.465 70.425 171.067 48 152.805V112h416zM48 400V214.398c22.914 18.251 55.409 43.862 104.938 82.646 21.857 17.205 60.134 55.186 103.062 54.955 42.717.231 80.509-37.199 103.053-54.947 49.528-38.783 82.032-64.401 104.947-82.653V400H48z\"><\/path><\/svg>\t\t\t<\/a>\n\t\t<\/div>\n\t\t\t\t\t\t<\/div>\n\t\t\t\t<div class=\"elementor-element elementor-element-199ab51 ob-harakiri-inherit ob-has-background-overlay elementor-widget elementor-widget-heading\" data-id=\"199ab51\" data-element_type=\"widget\" data-e-type=\"widget\" data-settings=\"{&quot;_ob_use_harakiri&quot;:&quot;yes&quot;,&quot;_ob_harakiri_writing_mode&quot;:&quot;inherit&quot;,&quot;_ob_harakiri_text_clip&quot;:&quot;none&quot;,&quot;_ob_widget_stalker_use&quot;:&quot;no&quot;,&quot;_ob_poopart_use&quot;:&quot;yes&quot;,&quot;_ob_shadough_use&quot;:&quot;no&quot;,&quot;_ob_allow_hoveranimator&quot;:&quot;no&quot;}\" data-widget_type=\"heading.default\">\n\t\t\t\t\t<h3 class=\"elementor-heading-title elementor-size-default\">Kontaktformular<\/h3>\t\t\t\t<\/div>\n\t\t\t\t<div class=\"elementor-element elementor-element-b765730 ob-harakiri-inherit ob-has-background-overlay elementor-widget elementor-widget-text-editor\" data-id=\"b765730\" data-element_type=\"widget\" data-e-type=\"widget\" data-settings=\"{&quot;_ob_use_harakiri&quot;:&quot;yes&quot;,&quot;_ob_harakiri_writing_mode&quot;:&quot;inherit&quot;,&quot;_ob_postman_use&quot;:&quot;no&quot;,&quot;_ob_widget_stalker_use&quot;:&quot;no&quot;,&quot;_ob_poopart_use&quot;:&quot;yes&quot;,&quot;_ob_shadough_use&quot;:&quot;no&quot;,&quot;_ob_allow_hoveranimator&quot;:&quot;no&quot;}\" data-widget_type=\"text-editor.default\">\n\t\t\t\t\t\t\t\t\t<p><a href=\"https:\/\/www.deine3a.ch\/kontakt\/\" data-wplink-edit=\"true\">Hier klicken<\/a><\/p>\t\t\t\t\t\t\t\t<\/div>\n\t\t\t\t\t<\/div>\n\t\t<\/div>\n\t\t\t\t<div class=\"elementor-column elementor-col-33 elementor-inner-column elementor-element elementor-element-a306ae1\" data-id=\"a306ae1\" data-element_type=\"column\" data-e-type=\"column\" data-settings=\"{&quot;_ob_column_hoveranimator&quot;:&quot;no&quot;,&quot;_ob_column_has_pseudo&quot;:&quot;no&quot;}\">\n\t\t\t<div class=\"elementor-widget-wrap elementor-element-populated\">\n\t\t\t\t\t\t<div class=\"elementor-element elementor-element-a4c8656 elementor-view-default ob-has-background-overlay elementor-widget elementor-widget-icon\" data-id=\"a4c8656\" data-element_type=\"widget\" data-e-type=\"widget\" data-settings=\"{&quot;_ob_widget_stalker_use&quot;:&quot;no&quot;,&quot;_ob_poopart_use&quot;:&quot;yes&quot;,&quot;_ob_shadough_use&quot;:&quot;no&quot;,&quot;_ob_allow_hoveranimator&quot;:&quot;no&quot;}\" data-widget_type=\"icon.default\">\n\t\t\t\t\t\t\t<div class=\"elementor-icon-wrapper\">\n\t\t\t<a class=\"elementor-icon\" href=\"https:\/\/www.youtube.com\/@Deine3a\" target=\"_blank\" rel=\"nofollow\">\n\t\t\t<svg aria-hidden=\"true\" class=\"e-font-icon-svg e-fab-youtube\" viewBox=\"0 0 576 512\" xmlns=\"http:\/\/www.w3.org\/2000\/svg\"><path d=\"M549.655 124.083c-6.281-23.65-24.787-42.276-48.284-48.597C458.781 64 288 64 288 64S117.22 64 74.629 75.486c-23.497 6.322-42.003 24.947-48.284 48.597-11.412 42.867-11.412 132.305-11.412 132.305s0 89.438 11.412 132.305c6.281 23.65 24.787 41.5 48.284 47.821C117.22 448 288 448 288 448s170.78 0 213.371-11.486c23.497-6.321 42.003-24.171 48.284-47.821 11.412-42.867 11.412-132.305 11.412-132.305s0-89.438-11.412-132.305zm-317.51 213.508V175.185l142.739 81.205-142.739 81.201z\"><\/path><\/svg>\t\t\t<\/a>\n\t\t<\/div>\n\t\t\t\t\t\t<\/div>\n\t\t\t\t<div class=\"elementor-element elementor-element-0c8c241 ob-harakiri-inherit ob-has-background-overlay elementor-widget elementor-widget-heading\" data-id=\"0c8c241\" data-element_type=\"widget\" data-e-type=\"widget\" data-settings=\"{&quot;_ob_use_harakiri&quot;:&quot;yes&quot;,&quot;_ob_harakiri_writing_mode&quot;:&quot;inherit&quot;,&quot;_ob_harakiri_text_clip&quot;:&quot;none&quot;,&quot;_ob_widget_stalker_use&quot;:&quot;no&quot;,&quot;_ob_poopart_use&quot;:&quot;yes&quot;,&quot;_ob_shadough_use&quot;:&quot;no&quot;,&quot;_ob_allow_hoveranimator&quot;:&quot;no&quot;}\" data-widget_type=\"heading.default\">\n\t\t\t\t\t<h3 class=\"elementor-heading-title elementor-size-default\">Youtube<\/h3>\t\t\t\t<\/div>\n\t\t\t\t<div class=\"elementor-element elementor-element-fb491aa ob-harakiri-inherit ob-has-background-overlay elementor-widget elementor-widget-text-editor\" data-id=\"fb491aa\" data-element_type=\"widget\" data-e-type=\"widget\" data-settings=\"{&quot;_ob_use_harakiri&quot;:&quot;yes&quot;,&quot;_ob_harakiri_writing_mode&quot;:&quot;inherit&quot;,&quot;_ob_postman_use&quot;:&quot;no&quot;,&quot;_ob_widget_stalker_use&quot;:&quot;no&quot;,&quot;_ob_poopart_use&quot;:&quot;yes&quot;,&quot;_ob_shadough_use&quot;:&quot;no&quot;,&quot;_ob_allow_hoveranimator&quot;:&quot;no&quot;}\" data-widget_type=\"text-editor.default\">\n\t\t\t\t\t\t\t\t\t<a href=\"https:\/\/www.youtube.com\/@Deine3a\" target=\"_blank\" rel=\"noreferrer noopener nofollow\">Erkl\u00e4rvideos<\/a>\t\t\t\t\t\t\t\t<\/div>\n\t\t\t\t\t<\/div>\n\t\t<\/div>\n\t\t\t\t<div class=\"elementor-column elementor-col-33 elementor-inner-column elementor-element elementor-element-df7e5e5\" data-id=\"df7e5e5\" data-element_type=\"column\" data-e-type=\"column\" data-settings=\"{&quot;_ob_column_hoveranimator&quot;:&quot;no&quot;,&quot;_ob_column_has_pseudo&quot;:&quot;no&quot;}\">\n\t\t\t<div class=\"elementor-widget-wrap elementor-element-populated\">\n\t\t\t\t\t\t<div class=\"elementor-element elementor-element-a90a3f1 ob-has-background-overlay elementor-widget elementor-widget-image\" data-id=\"a90a3f1\" data-element_type=\"widget\" data-e-type=\"widget\" data-settings=\"{&quot;_ob_photomorph_use&quot;:&quot;no&quot;,&quot;_ob_widget_stalker_use&quot;:&quot;no&quot;,&quot;_ob_poopart_use&quot;:&quot;yes&quot;,&quot;_ob_shadough_use&quot;:&quot;no&quot;,&quot;_ob_allow_hoveranimator&quot;:&quot;no&quot;}\" data-widget_type=\"image.default\">\n\t\t\t\t\t\t\t\t\t\t\t\t\t\t\t\t<a href=\"https:\/\/www.deine3a.ch\/kontakt\/\">\n\t\t\t\t\t\t\t<img decoding=\"async\" width=\"683\" height=\"565\" data-src=\"https:\/\/www.deine3a.ch\/wp-content\/uploads\/2024\/08\/Pic_Kaffee-4.png\" class=\"attachment-large size-large wp-image-414 lazyload\" alt=\"Auswandern Schweiz | Deine3a\" data-srcset=\"https:\/\/www.deine3a.ch\/wp-content\/uploads\/2024\/08\/Pic_Kaffee-4.png 683w, https:\/\/www.deine3a.ch\/wp-content\/uploads\/2024\/08\/Pic_Kaffee-4-300x248.png 300w\" data-sizes=\"(max-width: 683px) 100vw, 683px\" src=\"data:image\/svg+xml;base64,PHN2ZyB3aWR0aD0iMSIgaGVpZ2h0PSIxIiB4bWxucz0iaHR0cDovL3d3dy53My5vcmcvMjAwMC9zdmciPjwvc3ZnPg==\" style=\"--smush-placeholder-width: 683px; --smush-placeholder-aspect-ratio: 683\/565;\" \/>\t\t\t\t\t\t\t\t<\/a>\n\t\t\t\t\t\t\t\t\t\t\t\t\t\t\t<\/div>\n\t\t\t\t<div class=\"elementor-element elementor-element-b877399 ob-harakiri-inherit ob-has-background-overlay elementor-widget elementor-widget-heading\" data-id=\"b877399\" data-element_type=\"widget\" data-e-type=\"widget\" data-settings=\"{&quot;_ob_use_harakiri&quot;:&quot;yes&quot;,&quot;_ob_harakiri_writing_mode&quot;:&quot;inherit&quot;,&quot;_ob_harakiri_text_clip&quot;:&quot;none&quot;,&quot;_ob_widget_stalker_use&quot;:&quot;no&quot;,&quot;_ob_poopart_use&quot;:&quot;yes&quot;,&quot;_ob_shadough_use&quot;:&quot;no&quot;,&quot;_ob_allow_hoveranimator&quot;:&quot;no&quot;}\" data-widget_type=\"heading.default\">\n\t\t\t\t\t<h3 class=\"elementor-heading-title elementor-size-default\">Kaffee<\/h3>\t\t\t\t<\/div>\n\t\t\t\t<div class=\"elementor-element elementor-element-5c17e69 ob-harakiri-inherit ob-has-background-overlay elementor-widget elementor-widget-text-editor\" data-id=\"5c17e69\" data-element_type=\"widget\" data-e-type=\"widget\" data-settings=\"{&quot;_ob_use_harakiri&quot;:&quot;yes&quot;,&quot;_ob_harakiri_writing_mode&quot;:&quot;inherit&quot;,&quot;_ob_postman_use&quot;:&quot;no&quot;,&quot;_ob_widget_stalker_use&quot;:&quot;no&quot;,&quot;_ob_poopart_use&quot;:&quot;yes&quot;,&quot;_ob_shadough_use&quot;:&quot;no&quot;,&quot;_ob_allow_hoveranimator&quot;:&quot;no&quot;}\" data-widget_type=\"text-editor.default\">\n\t\t\t\t\t\t\t\t\t<a href=\"https:\/\/www.deine3a.ch\/kontakt\/\">Z\u00fcrich<\/a>\t\t\t\t\t\t\t\t<\/div>\n\t\t\t\t\t<\/div>\n\t\t<\/div>\n\t\t\t\t\t<\/div>\n\t\t<\/section>\n\t\t\t\t<div class=\"elementor-element elementor-element-5a63b6a ob-has-background-overlay elementor-widget elementor-widget-html\" data-id=\"5a63b6a\" data-element_type=\"widget\" data-e-type=\"widget\" data-settings=\"{&quot;_ob_widget_stalker_use&quot;:&quot;no&quot;,&quot;_ob_poopart_use&quot;:&quot;yes&quot;,&quot;_ob_shadough_use&quot;:&quot;no&quot;,&quot;_ob_allow_hoveranimator&quot;:&quot;no&quot;}\" data-widget_type=\"html.default\">\n\t\t\t\t\t<script type=\"application\/ld+json\">\n{\n  \"@context\": \"https:\/\/schema.org\/\",\n  \"@type\": \"FAQPage\",\n  \"mainEntity\": [\n    {\n      \"@type\": \"Question\",\n      \"name\": \"Wo beantrage ich meine Schweizer Arbeitsbewilligung?\",\n      \"acceptedAnswer\": {\n        \"@type\": \"Answer\",\n        \"text\": \"Als Deutscher beantragst du die B-Bewilligung bei der Wohngemeinde. Diese gilt gleichzeitig als Aufenthalts- und Arbeitsbewilligung in der Schweiz.\"\n      }\n    }\n  ]\n}\n<\/script>\t\t\t\t<\/div>\n\t\t\t\t\t<\/div>\n\t\t<\/div>\n\t\t\t\t\t<\/div>\n\t\t<\/section>\n\t\t\t\t<section class=\"elementor-section elementor-top-section elementor-element elementor-element-972706b elementor-section-boxed elementor-section-height-default elementor-section-height-default\" data-id=\"972706b\" data-element_type=\"section\" data-e-type=\"section\" data-settings=\"{&quot;_ob_glider_is_slider&quot;:&quot;no&quot;,&quot;_ha_eqh_enable&quot;:false}\">\n\t\t\t\t\t\t<div class=\"elementor-container elementor-column-gap-default\">\n\t\t\t\t\t<div class=\"elementor-column elementor-col-100 elementor-top-column elementor-element elementor-element-4fb91ed\" data-id=\"4fb91ed\" data-element_type=\"column\" data-e-type=\"column\" data-settings=\"{&quot;_ob_column_hoveranimator&quot;:&quot;no&quot;,&quot;_ob_column_has_pseudo&quot;:&quot;no&quot;}\">\n\t\t\t<div class=\"elementor-widget-wrap elementor-element-populated\">\n\t\t\t\t\t\t<div class=\"elementor-element elementor-element-1f17118 ob-has-background-overlay elementor-widget elementor-widget-ha-breadcrumbs happy-addon ha-breadcrumbs happy-addon-pro\" data-id=\"1f17118\" data-element_type=\"widget\" data-e-type=\"widget\" data-settings=\"{&quot;_ob_widget_stalker_use&quot;:&quot;no&quot;,&quot;_ob_poopart_use&quot;:&quot;yes&quot;,&quot;_ob_shadough_use&quot;:&quot;no&quot;,&quot;_ob_allow_hoveranimator&quot;:&quot;no&quot;}\" data-widget_type=\"ha-breadcrumbs.default\">\n\t\t\t\t\t<ul class=\"ha-breadcrumbs\"><li class=\"ha-breadcrumbs-item ha-breadcrumbs-start\"><a href=\"https:\/\/www.deine3a.ch\/en\/\" rel=\"home\"><span class=\"ha-breadcrumbs-text\">Startseite<\/span><\/a><\/li><\/ul>\t\t\t\t<\/div>\n\t\t\t\t\t<\/div>\n\t\t<\/div>\n\t\t\t\t\t<\/div>\n\t\t<\/section>\n\t\t\t\t<\/div>\n\t\t","protected":false},"excerpt":{"rendered":"<p>Wo beantrage ich meine Schweizer Arbeitsbewilligung? Zun\u00e4chst ist zu erw\u00e4hnen, dass die B-Aufenthaltsbewilligung gleichzeitig auch deine Arbeitsbewilligung darstellt. F\u00fcr deutsche Auswanderer wird in der Schweiz keine separate Arbeitsbewilligung ausgestellt. Deine B-Aufenthaltsbewilligung beantragst du bei der Wohngemeinde, also im Rathaus. Zun\u00e4chst erh\u00e4ltst du von der Gemeinde eine Meldebescheinigung, die deinen Wohnsitz in der Schweiz best\u00e4tigt. Die [&hellip;]<\/p>\n","protected":false},"author":1,"featured_media":5075,"parent":0,"menu_order":0,"comment_status":"closed","ping_status":"closed","template":"","meta":{"footnotes":""},"class_list":["post-999","page","type-page","status-publish","has-post-thumbnail","hentry"],"yoast_head":"<!-- This site is optimized with the Yoast SEO plugin v27.3 - https:\/\/yoast.com\/product\/yoast-seo-wordpress\/ -->\n<title>Wo beantrage ich die Schweizer Arbeitsbewilligung? | Deine3a<\/title>\n<meta name=\"description\" content=\"Die B-Aufenthaltsbewilligung in der Schweiz gilt gleichzeitig als Arbeitsbewilligung \u2013 beantragt wird sie bei der zust\u00e4ndigen Wohngemeinde.\" \/>\n<meta name=\"robots\" content=\"index, follow, max-snippet:-1, max-image-preview:large, max-video-preview:-1\" \/>\n<link rel=\"canonical\" href=\"https:\/\/www.deine3a.ch\/en\/where-do-i-apply-for-my-swiss-work-permit\/\" \/>\n<meta property=\"og:locale\" content=\"en_GB\" \/>\n<meta property=\"og:type\" content=\"article\" \/>\n<meta property=\"og:title\" content=\"Wo beantrage ich die Schweizer Arbeitsbewilligung? | Deine3a\" \/>\n<meta property=\"og:description\" content=\"Die B-Aufenthaltsbewilligung in der Schweiz gilt gleichzeitig als Arbeitsbewilligung \u2013 beantragt wird sie bei der zust\u00e4ndigen Wohngemeinde.\" \/>\n<meta property=\"og:url\" content=\"https:\/\/www.deine3a.ch\/en\/where-do-i-apply-for-my-swiss-work-permit\/\" \/>\n<meta property=\"og:site_name\" content=\"Deine3a\" \/>\n<meta property=\"article:modified_time\" content=\"2025-05-19T17:17:31+00:00\" \/>\n<meta property=\"og:image\" content=\"https:\/\/www.deine3a.ch\/wp-content\/uploads\/2024\/10\/20240918_Deine3a64471_zugeschnitten-2.jpg\" \/>\n\t<meta property=\"og:image:width\" content=\"1038\" \/>\n\t<meta property=\"og:image:height\" content=\"722\" \/>\n\t<meta property=\"og:image:type\" content=\"image\/jpeg\" \/>\n<meta name=\"twitter:card\" content=\"summary_large_image\" \/>\n<script type=\"application\/ld+json\" class=\"yoast-schema-graph\">{\"@context\":\"https:\\\/\\\/schema.org\",\"@graph\":[{\"@type\":\"WebPage\",\"@id\":\"https:\\\/\\\/www.deine3a.ch\\\/wo-beantrage-ich-meine-schweizer-arbeitsbewilligung\\\/\",\"url\":\"https:\\\/\\\/www.deine3a.ch\\\/wo-beantrage-ich-meine-schweizer-arbeitsbewilligung\\\/\",\"name\":\"Wo beantrage ich die Schweizer Arbeitsbewilligung? | Deine3a\",\"isPartOf\":{\"@id\":\"https:\\\/\\\/www.deine3a.ch\\\/#website\"},\"primaryImageOfPage\":{\"@id\":\"https:\\\/\\\/www.deine3a.ch\\\/wo-beantrage-ich-meine-schweizer-arbeitsbewilligung\\\/#primaryimage\"},\"image\":{\"@id\":\"https:\\\/\\\/www.deine3a.ch\\\/wo-beantrage-ich-meine-schweizer-arbeitsbewilligung\\\/#primaryimage\"},\"thumbnailUrl\":\"https:\\\/\\\/www.deine3a.ch\\\/wp-content\\\/uploads\\\/2024\\\/10\\\/20240918_Deine3a64471_zugeschnitten-2.jpg\",\"datePublished\":\"2024-08-10T12:18:41+00:00\",\"dateModified\":\"2025-05-19T17:17:31+00:00\",\"description\":\"Die B-Aufenthaltsbewilligung in der Schweiz gilt gleichzeitig als Arbeitsbewilligung \u2013 beantragt wird sie bei der zust\u00e4ndigen Wohngemeinde.\",\"breadcrumb\":{\"@id\":\"https:\\\/\\\/www.deine3a.ch\\\/wo-beantrage-ich-meine-schweizer-arbeitsbewilligung\\\/#breadcrumb\"},\"inLanguage\":\"en-GB\",\"potentialAction\":[{\"@type\":\"ReadAction\",\"target\":[\"https:\\\/\\\/www.deine3a.ch\\\/wo-beantrage-ich-meine-schweizer-arbeitsbewilligung\\\/\"]}]},{\"@type\":\"ImageObject\",\"inLanguage\":\"en-GB\",\"@id\":\"https:\\\/\\\/www.deine3a.ch\\\/wo-beantrage-ich-meine-schweizer-arbeitsbewilligung\\\/#primaryimage\",\"url\":\"https:\\\/\\\/www.deine3a.ch\\\/wp-content\\\/uploads\\\/2024\\\/10\\\/20240918_Deine3a64471_zugeschnitten-2.jpg\",\"contentUrl\":\"https:\\\/\\\/www.deine3a.ch\\\/wp-content\\\/uploads\\\/2024\\\/10\\\/20240918_Deine3a64471_zugeschnitten-2.jpg\",\"width\":1038,\"height\":722,\"caption\":\"Deine3a | Auswandern Schweiz\"},{\"@type\":\"BreadcrumbList\",\"@id\":\"https:\\\/\\\/www.deine3a.ch\\\/wo-beantrage-ich-meine-schweizer-arbeitsbewilligung\\\/#breadcrumb\",\"itemListElement\":[{\"@type\":\"ListItem\",\"position\":1,\"name\":\"Startseite\",\"item\":\"https:\\\/\\\/www.deine3a.ch\\\/\"},{\"@type\":\"ListItem\",\"position\":2,\"name\":\"Deine3a | Wo beantrage ich meine Schweizer Arbeitsbewilligung? | Auswandern Schweiz | Auswanderungsagentur\"}]},{\"@type\":\"WebSite\",\"@id\":\"https:\\\/\\\/www.deine3a.ch\\\/#website\",\"url\":\"https:\\\/\\\/www.deine3a.ch\\\/\",\"name\":\"Deine3a\",\"description\":\"Deine3a GmbH\",\"publisher\":{\"@id\":\"https:\\\/\\\/www.deine3a.ch\\\/#organization\"},\"potentialAction\":[{\"@type\":\"SearchAction\",\"target\":{\"@type\":\"EntryPoint\",\"urlTemplate\":\"https:\\\/\\\/www.deine3a.ch\\\/?s={search_term_string}\"},\"query-input\":{\"@type\":\"PropertyValueSpecification\",\"valueRequired\":true,\"valueName\":\"search_term_string\"}}],\"inLanguage\":\"en-GB\"},{\"@type\":\"Organization\",\"@id\":\"https:\\\/\\\/www.deine3a.ch\\\/#organization\",\"name\":\"Deine3a\",\"url\":\"https:\\\/\\\/www.deine3a.ch\\\/\",\"logo\":{\"@type\":\"ImageObject\",\"inLanguage\":\"en-GB\",\"@id\":\"https:\\\/\\\/www.deine3a.ch\\\/#\\\/schema\\\/logo\\\/image\\\/\",\"url\":\"https:\\\/\\\/www.deine3a.ch\\\/wp-content\\\/uploads\\\/2024\\\/08\\\/Deine3a-Logo.svg\",\"contentUrl\":\"https:\\\/\\\/www.deine3a.ch\\\/wp-content\\\/uploads\\\/2024\\\/08\\\/Deine3a-Logo.svg\",\"width\":5000,\"height\":1810,\"caption\":\"Deine3a\"},\"image\":{\"@id\":\"https:\\\/\\\/www.deine3a.ch\\\/#\\\/schema\\\/logo\\\/image\\\/\"},\"sameAs\":[\"https:\\\/\\\/www.youtube.com\\\/@Deine3a\",\"https:\\\/\\\/ch.linkedin.com\\\/company\\\/deine3a\"]}]}<\/script>\n<!-- \/ Yoast SEO plugin. -->","yoast_head_json":{"title":"Where do I apply for a Swiss work permit? | Your3a","description":"The B residence permit in Switzerland is also valid as a work permit - it is applied for at the relevant municipality of residence.","robots":{"index":"index","follow":"follow","max-snippet":"max-snippet:-1","max-image-preview":"max-image-preview:large","max-video-preview":"max-video-preview:-1"},"canonical":"https:\/\/www.deine3a.ch\/en\/where-do-i-apply-for-my-swiss-work-permit\/","og_locale":"en_GB","og_type":"article","og_title":"Wo beantrage ich die Schweizer Arbeitsbewilligung? | Deine3a","og_description":"Die B-Aufenthaltsbewilligung in der Schweiz gilt gleichzeitig als Arbeitsbewilligung \u2013 beantragt wird sie bei der zust\u00e4ndigen Wohngemeinde.","og_url":"https:\/\/www.deine3a.ch\/en\/where-do-i-apply-for-my-swiss-work-permit\/","og_site_name":"Deine3a","article_modified_time":"2025-05-19T17:17:31+00:00","og_image":[{"width":1038,"height":722,"url":"https:\/\/www.deine3a.ch\/wp-content\/uploads\/2024\/10\/20240918_Deine3a64471_zugeschnitten-2.jpg","type":"image\/jpeg"}],"twitter_card":"summary_large_image","schema":{"@context":"https:\/\/schema.org","@graph":[{"@type":"WebPage","@id":"https:\/\/www.deine3a.ch\/wo-beantrage-ich-meine-schweizer-arbeitsbewilligung\/","url":"https:\/\/www.deine3a.ch\/wo-beantrage-ich-meine-schweizer-arbeitsbewilligung\/","name":"Where do I apply for a Swiss work permit? | Your3a","isPartOf":{"@id":"https:\/\/www.deine3a.ch\/#website"},"primaryImageOfPage":{"@id":"https:\/\/www.deine3a.ch\/wo-beantrage-ich-meine-schweizer-arbeitsbewilligung\/#primaryimage"},"image":{"@id":"https:\/\/www.deine3a.ch\/wo-beantrage-ich-meine-schweizer-arbeitsbewilligung\/#primaryimage"},"thumbnailUrl":"https:\/\/www.deine3a.ch\/wp-content\/uploads\/2024\/10\/20240918_Deine3a64471_zugeschnitten-2.jpg","datePublished":"2024-08-10T12:18:41+00:00","dateModified":"2025-05-19T17:17:31+00:00","description":"The B residence permit in Switzerland is also valid as a work permit - it is applied for at the relevant municipality of residence.","breadcrumb":{"@id":"https:\/\/www.deine3a.ch\/wo-beantrage-ich-meine-schweizer-arbeitsbewilligung\/#breadcrumb"},"inLanguage":"en-GB","potentialAction":[{"@type":"ReadAction","target":["https:\/\/www.deine3a.ch\/wo-beantrage-ich-meine-schweizer-arbeitsbewilligung\/"]}]},{"@type":"ImageObject","inLanguage":"en-GB","@id":"https:\/\/www.deine3a.ch\/wo-beantrage-ich-meine-schweizer-arbeitsbewilligung\/#primaryimage","url":"https:\/\/www.deine3a.ch\/wp-content\/uploads\/2024\/10\/20240918_Deine3a64471_zugeschnitten-2.jpg","contentUrl":"https:\/\/www.deine3a.ch\/wp-content\/uploads\/2024\/10\/20240918_Deine3a64471_zugeschnitten-2.jpg","width":1038,"height":722,"caption":"Deine3a | Auswandern Schweiz"},{"@type":"BreadcrumbList","@id":"https:\/\/www.deine3a.ch\/wo-beantrage-ich-meine-schweizer-arbeitsbewilligung\/#breadcrumb","itemListElement":[{"@type":"ListItem","position":1,"name":"Startseite","item":"https:\/\/www.deine3a.ch\/"},{"@type":"ListItem","position":2,"name":"Deine3a | Wo beantrage ich meine Schweizer Arbeitsbewilligung? | Auswandern Schweiz | Auswanderungsagentur"}]},{"@type":"WebSite","@id":"https:\/\/www.deine3a.ch\/#website","url":"https:\/\/www.deine3a.ch\/","name":"Yours3a","description":"Deine3a GmbH","publisher":{"@id":"https:\/\/www.deine3a.ch\/#organization"},"potentialAction":[{"@type":"SearchAction","target":{"@type":"EntryPoint","urlTemplate":"https:\/\/www.deine3a.ch\/?s={search_term_string}"},"query-input":{"@type":"PropertyValueSpecification","valueRequired":true,"valueName":"search_term_string"}}],"inLanguage":"en-GB"},{"@type":"Organization","@id":"https:\/\/www.deine3a.ch\/#organization","name":"Yours3a","url":"https:\/\/www.deine3a.ch\/","logo":{"@type":"ImageObject","inLanguage":"en-GB","@id":"https:\/\/www.deine3a.ch\/#\/schema\/logo\/image\/","url":"https:\/\/www.deine3a.ch\/wp-content\/uploads\/2024\/08\/Deine3a-Logo.svg","contentUrl":"https:\/\/www.deine3a.ch\/wp-content\/uploads\/2024\/08\/Deine3a-Logo.svg","width":5000,"height":1810,"caption":"Deine3a"},"image":{"@id":"https:\/\/www.deine3a.ch\/#\/schema\/logo\/image\/"},"sameAs":["https:\/\/www.youtube.com\/@Deine3a","https:\/\/ch.linkedin.com\/company\/deine3a"]}]}},"_links":{"self":[{"href":"https:\/\/www.deine3a.ch\/en\/wp-json\/wp\/v2\/pages\/999","targetHints":{"allow":["GET"]}}],"collection":[{"href":"https:\/\/www.deine3a.ch\/en\/wp-json\/wp\/v2\/pages"}],"about":[{"href":"https:\/\/www.deine3a.ch\/en\/wp-json\/wp\/v2\/types\/page"}],"author":[{"embeddable":true,"href":"https:\/\/www.deine3a.ch\/en\/wp-json\/wp\/v2\/users\/1"}],"replies":[{"embeddable":true,"href":"https:\/\/www.deine3a.ch\/en\/wp-json\/wp\/v2\/comments?post=999"}],"version-history":[{"count":19,"href":"https:\/\/www.deine3a.ch\/en\/wp-json\/wp\/v2\/pages\/999\/revisions"}],"predecessor-version":[{"id":10116,"href":"https:\/\/www.deine3a.ch\/en\/wp-json\/wp\/v2\/pages\/999\/revisions\/10116"}],"wp:featuredmedia":[{"embeddable":true,"href":"https:\/\/www.deine3a.ch\/en\/wp-json\/wp\/v2\/media\/5075"}],"wp:attachment":[{"href":"https:\/\/www.deine3a.ch\/en\/wp-json\/wp\/v2\/media?parent=999"}],"curies":[{"name":"wp","href":"https:\/\/api.w.org\/{rel}","templated":true}]}}